

{"id":80360,"date":"2026-04-21T17:13:53","date_gmt":"2026-04-21T15:13:53","guid":{"rendered":"https:\/\/kzprofesional.com\/jrl-barber-rucksack-schwarz-ba01-professionell-jrl\/"},"modified":"2026-04-21T17:13:53","modified_gmt":"2026-04-21T15:13:53","slug":"jrl-barber-rucksack-schwarz-ba01-professionell-jrl","status":"publish","type":"product","link":"https:\/\/kzprofesional.com\/de\/produkt\/jrl-barber-rucksack-schwarz-ba01-professionell-jrl\/","title":{"rendered":"JRL Barber-Rucksack schwarz BA01 professionell &#8211; JRL"},"content":{"rendered":"<h3>JRL Barber-Rucksack schwarz BA01 professionell 35\u00d727\u00d78 cm<\/h3>\n<p>professioneller Rucksack JRL BA01 schwarz para Barber\u00eda y Peluquer\u00eda<\/p>\n<p>La\u00a0<strong>Barber-Rucksack schwarz JRL BA01<\/strong>\u00a0es una soluci\u00f3n pr\u00e1ctica y profesional para transportieren Barber- und Friseurwerkzeuge con total comodidad. Dise\u00f1ada en color negro, ofrece un estilo discreto y elegant ideal para el entorno profesional.<\/p>\n<p>Gracias a su formato compacto pero funktional, permite organizar\u00a0<strong>Haarschneidemaschinen, Trimmer, Scheren, K\u00e4mme, B\u00fcrsten und Zubeh\u00f6r<\/strong>\u00a0de forma segura, siendo perfecta para Hausbesuche, Schulungen, Akademien o para halten el material geordnet en el Salon.<\/p>\n<h3>Ventajas principales<\/h3>\n<ul>\n<li>Dise\u00f1o profesional en color negro.<\/li>\n<li>Leicht und bequem zu transportieren.<\/li>\n<li>Ideal f\u00fcr professionelle Barbiere und Friseure.<\/li>\n<li>Perfekt zum Organisieren von Arbeitswerkzeugen.<\/li>\n<\/ul>\n<h3>Technische Merkmale<\/h3>\n<ul>\n<li><strong>Marke:<\/strong>\u00a0JRL<\/li>\n<li><strong>Modell:<\/strong>\u00a0BA01<\/li>\n<li><strong>Farbe:<\/strong>\u00a0schwarz<\/li>\n<li><strong>Ma\u00dfe:<\/strong>\u00a035 cm (H\u00f6he) \u00d7 27 cm (Breite) \u00d7 8 cm (Tiefe)<\/li>\n<li><strong>Uso:<\/strong>\u00a0professionell<\/li>\n<\/ul>\n<p>Ein vielseitiger, funktionaler Rucksack, der Ihre Ausr\u00fcstung sch\u00fctzt und stets einsatzbereit h\u00e4lt.<\/p>\n","protected":false},"excerpt":{"rendered":"<p>JRL Barber-Rucksack schwarz BA01 professionell 35\u00d727\u00d78 cm professioneller Rucksack JRL BA01 schwarz para Barber\u00eda y Peluquer\u00eda La\u00a0Barber-Rucksack schwarz JRL BA01\u00a0es una soluci\u00f3n pr\u00e1ctica y profesional para transportieren Barber- und Friseurwerkzeuge con total comodidad. Dise\u00f1ada en color negro, ofrece un estilo discreto y elegant ideal para el entorno profesional. Gracias a su formato compacto pero funktional, &#8230; <a title=\"JRL Barber-Rucksack schwarz BA01 professionell &#8211; JRL\" class=\"read-more\" href=\"https:\/\/kzprofesional.com\/de\/produkt\/jrl-barber-rucksack-schwarz-ba01-professionell-jrl\/\" aria-label=\"Mehr Informationen \u00fcber JRL Barber-Rucksack schwarz BA01 professionell &#8211; JRL\">Weiterlesen &#8230;<\/a><\/p>\n","protected":false},"featured_media":80361,"template":"","meta":{"_acf_changed":false,"_jet_sm_ready_style":"","_jet_sm_style":"","_jet_sm_controls_values":"","_jet_sm_fonts_collection":"","_jet_sm_fonts_links":""},"product_brand":[],"product_cat":[810,772],"product_tag":[],"class_list":{"0":"post-80360","1":"product","2":"type-product","3":"status-publish","4":"has-post-thumbnail","6":"product_cat-neuheiten","7":"product_cat-zubehor","8":"sales-flash-overlay","9":"woocommerce-text-align-center","10":"woocommerce-image-align-center","11":"do-quantity-buttons","13":"first","14":"instock","15":"taxable","16":"shipping-taxable","17":"purchasable","18":"product-type-simple"},"bundled_by":[],"bundle_stock_status":"instock","bundle_stock_quantity":13,"bundle_virtual":false,"bundle_layout":"","bundle_add_to_cart_form_location":"","bundle_editable_in_cart":false,"bundle_sold_individually_context":"","bundle_item_grouping":"","bundle_min_size":"","bundle_max_size":"","bundle_price":[],"bundled_items":[],"bundle_sell_ids":[],"acf":[],"yoast_head":"<!-- This site is optimized with the Yoast SEO Premium plugin v25.9 (Yoast SEO v27.4) - https:\/\/yoast.com\/product\/yoast-seo-premium-wordpress\/ -->\n<title>JRL Barber-Rucksack schwarz BA01 professionell - JRL - KZ Profesional<\/title>\n<meta name=\"robots\" content=\"index, follow, max-snippet:-1, max-image-preview:large, max-video-preview:-1\" \/>\n<link rel=\"canonical\" href=\"https:\/\/kzprofesional.com\/producto\/jrl-mochila-barbero-negra-ba01-profesional-jrl\/\" \/>\n<meta property=\"og:locale\" content=\"de_DE\" \/>\n<meta property=\"og:type\" content=\"article\" \/>\n<meta property=\"og:title\" content=\"JRL Barber-Rucksack schwarz BA01 professionell - JRL\" \/>\n<meta property=\"og:description\" content=\"JRL Barber-Rucksack schwarz BA01 professionell 35\u00d727\u00d78 cm professioneller Rucksack JRL BA01 schwarz para Barber\u00eda y Peluquer\u00eda La\u00a0Barber-Rucksack schwarz JRL BA01\u00a0es una soluci\u00f3n pr\u00e1ctica y profesional para transportieren Barber- und Friseurwerkzeuge con total comodidad. Dise\u00f1ada en color negro, ofrece un estilo discreto y elegant ideal para el entorno profesional. Gracias a su formato compacto pero funktional, ... Weiterlesen ...\" \/>\n<meta property=\"og:url\" content=\"https:\/\/kzprofesional.com\/producto\/jrl-mochila-barbero-negra-ba01-profesional-jrl\/\" \/>\n<meta property=\"og:site_name\" content=\"KZ Profesional\" \/>\n<meta property=\"og:image\" content=\"https:\/\/kzprofesional.com\/wp-content\/uploads\/Captura-de-pantalla-2026-04-21-170802.png\" \/>\n\t<meta property=\"og:image:width\" content=\"562\" \/>\n\t<meta property=\"og:image:height\" content=\"562\" \/>\n\t<meta property=\"og:image:type\" content=\"image\/png\" \/>\n<meta name=\"twitter:card\" content=\"summary_large_image\" \/>\n<script type=\"application\/ld+json\" class=\"yoast-schema-graph\">{\"@context\":\"https:\\\/\\\/schema.org\",\"@graph\":[{\"@type\":\"WebPage\",\"@id\":\"https:\\\/\\\/kzprofesional.com\\\/producto\\\/jrl-mochila-barbero-negra-ba01-profesional-jrl\\\/\",\"url\":\"https:\\\/\\\/kzprofesional.com\\\/producto\\\/jrl-mochila-barbero-negra-ba01-profesional-jrl\\\/\",\"name\":\"JRL Barber-Rucksack schwarz BA01 professionell - JRL - KZ Profesional\",\"isPartOf\":{\"@id\":\"https:\\\/\\\/kzprofesional.com\\\/#website\"},\"primaryImageOfPage\":{\"@id\":\"https:\\\/\\\/kzprofesional.com\\\/producto\\\/jrl-mochila-barbero-negra-ba01-profesional-jrl\\\/#primaryimage\"},\"image\":{\"@id\":\"https:\\\/\\\/kzprofesional.com\\\/producto\\\/jrl-mochila-barbero-negra-ba01-profesional-jrl\\\/#primaryimage\"},\"thumbnailUrl\":\"https:\\\/\\\/kzprofesional.com\\\/wp-content\\\/uploads\\\/Captura-de-pantalla-2026-04-21-170802.png\",\"datePublished\":\"2026-04-21T15:13:53+00:00\",\"breadcrumb\":{\"@id\":\"https:\\\/\\\/kzprofesional.com\\\/producto\\\/jrl-mochila-barbero-negra-ba01-profesional-jrl\\\/#breadcrumb\"},\"inLanguage\":\"de\",\"potentialAction\":[{\"@type\":\"ReadAction\",\"target\":[\"https:\\\/\\\/kzprofesional.com\\\/producto\\\/jrl-mochila-barbero-negra-ba01-profesional-jrl\\\/\"]}]},{\"@type\":\"ImageObject\",\"inLanguage\":\"de\",\"@id\":\"https:\\\/\\\/kzprofesional.com\\\/producto\\\/jrl-mochila-barbero-negra-ba01-profesional-jrl\\\/#primaryimage\",\"url\":\"https:\\\/\\\/kzprofesional.com\\\/wp-content\\\/uploads\\\/Captura-de-pantalla-2026-04-21-170802.png\",\"contentUrl\":\"https:\\\/\\\/kzprofesional.com\\\/wp-content\\\/uploads\\\/Captura-de-pantalla-2026-04-21-170802.png\",\"width\":562,\"height\":562},{\"@type\":\"BreadcrumbList\",\"@id\":\"https:\\\/\\\/kzprofesional.com\\\/producto\\\/jrl-mochila-barbero-negra-ba01-profesional-jrl\\\/#breadcrumb\",\"itemListElement\":[{\"@type\":\"ListItem\",\"position\":1,\"name\":\"Portada\",\"item\":\"https:\\\/\\\/kzprofesional.com\\\/\"},{\"@type\":\"ListItem\",\"position\":2,\"name\":\"Shop\",\"item\":\"https:\\\/\\\/kzprofesional.com\\\/de\\\/shop\\\/\"},{\"@type\":\"ListItem\",\"position\":3,\"name\":\"JRL Barber-Rucksack schwarz BA01 professionell &#8211; JRL\"}]},{\"@type\":\"WebSite\",\"@id\":\"https:\\\/\\\/kzprofesional.com\\\/#website\",\"url\":\"https:\\\/\\\/kzprofesional.com\\\/\",\"name\":\"KZ Profesional\",\"description\":\"\",\"publisher\":{\"@id\":\"https:\\\/\\\/kzprofesional.com\\\/#organization\"},\"potentialAction\":[{\"@type\":\"SearchAction\",\"target\":{\"@type\":\"EntryPoint\",\"urlTemplate\":\"https:\\\/\\\/kzprofesional.com\\\/?s={search_term_string}\"},\"query-input\":{\"@type\":\"PropertyValueSpecification\",\"valueRequired\":true,\"valueName\":\"search_term_string\"}}],\"inLanguage\":\"de\"},{\"@type\":\"Organization\",\"@id\":\"https:\\\/\\\/kzprofesional.com\\\/#organization\",\"name\":\"Imperio Barber Shop\",\"url\":\"https:\\\/\\\/kzprofesional.com\\\/\",\"logo\":{\"@type\":\"ImageObject\",\"inLanguage\":\"de\",\"@id\":\"https:\\\/\\\/kzprofesional.com\\\/#\\\/schema\\\/logo\\\/image\\\/\",\"url\":\"https:\\\/\\\/kzprofesional.com\\\/wp-content\\\/uploads\\\/2021\\\/09\\\/Logo-Imperio-Barber-Shop.png\",\"contentUrl\":\"https:\\\/\\\/kzprofesional.com\\\/wp-content\\\/uploads\\\/2021\\\/09\\\/Logo-Imperio-Barber-Shop.png\",\"width\":128,\"height\":128,\"caption\":\"Imperio Barber Shop\"},\"image\":{\"@id\":\"https:\\\/\\\/kzprofesional.com\\\/#\\\/schema\\\/logo\\\/image\\\/\"}}]}<\/script>\n<!-- \/ Yoast SEO Premium plugin. -->","yoast_head_json":{"title":"JRL Barber-Rucksack schwarz BA01 professionell - JRL - KZ Profesional","robots":{"index":"index","follow":"follow","max-snippet":"max-snippet:-1","max-image-preview":"max-image-preview:large","max-video-preview":"max-video-preview:-1"},"canonical":"https:\/\/kzprofesional.com\/producto\/jrl-mochila-barbero-negra-ba01-profesional-jrl\/","og_locale":"de_DE","og_type":"article","og_title":"JRL Barber-Rucksack schwarz BA01 professionell - JRL","og_description":"JRL Barber-Rucksack schwarz BA01 professionell 35\u00d727\u00d78 cm professioneller Rucksack JRL BA01 schwarz para Barber\u00eda y Peluquer\u00eda La\u00a0Barber-Rucksack schwarz JRL BA01\u00a0es una soluci\u00f3n pr\u00e1ctica y profesional para transportieren Barber- und Friseurwerkzeuge con total comodidad. Dise\u00f1ada en color negro, ofrece un estilo discreto y elegant ideal para el entorno profesional. Gracias a su formato compacto pero funktional, ... Weiterlesen ...","og_url":"https:\/\/kzprofesional.com\/producto\/jrl-mochila-barbero-negra-ba01-profesional-jrl\/","og_site_name":"KZ Profesional","og_image":[{"width":562,"height":562,"url":"https:\/\/kzprofesional.com\/wp-content\/uploads\/Captura-de-pantalla-2026-04-21-170802.png","type":"image\/png"}],"twitter_card":"summary_large_image","schema":{"@context":"https:\/\/schema.org","@graph":[{"@type":"WebPage","@id":"https:\/\/kzprofesional.com\/producto\/jrl-mochila-barbero-negra-ba01-profesional-jrl\/","url":"https:\/\/kzprofesional.com\/producto\/jrl-mochila-barbero-negra-ba01-profesional-jrl\/","name":"JRL Barber-Rucksack schwarz BA01 professionell - JRL - KZ Profesional","isPartOf":{"@id":"https:\/\/kzprofesional.com\/#website"},"primaryImageOfPage":{"@id":"https:\/\/kzprofesional.com\/producto\/jrl-mochila-barbero-negra-ba01-profesional-jrl\/#primaryimage"},"image":{"@id":"https:\/\/kzprofesional.com\/producto\/jrl-mochila-barbero-negra-ba01-profesional-jrl\/#primaryimage"},"thumbnailUrl":"https:\/\/kzprofesional.com\/wp-content\/uploads\/Captura-de-pantalla-2026-04-21-170802.png","datePublished":"2026-04-21T15:13:53+00:00","breadcrumb":{"@id":"https:\/\/kzprofesional.com\/producto\/jrl-mochila-barbero-negra-ba01-profesional-jrl\/#breadcrumb"},"inLanguage":"de","potentialAction":[{"@type":"ReadAction","target":["https:\/\/kzprofesional.com\/producto\/jrl-mochila-barbero-negra-ba01-profesional-jrl\/"]}]},{"@type":"ImageObject","inLanguage":"de","@id":"https:\/\/kzprofesional.com\/producto\/jrl-mochila-barbero-negra-ba01-profesional-jrl\/#primaryimage","url":"https:\/\/kzprofesional.com\/wp-content\/uploads\/Captura-de-pantalla-2026-04-21-170802.png","contentUrl":"https:\/\/kzprofesional.com\/wp-content\/uploads\/Captura-de-pantalla-2026-04-21-170802.png","width":562,"height":562},{"@type":"BreadcrumbList","@id":"https:\/\/kzprofesional.com\/producto\/jrl-mochila-barbero-negra-ba01-profesional-jrl\/#breadcrumb","itemListElement":[{"@type":"ListItem","position":1,"name":"Portada","item":"https:\/\/kzprofesional.com\/"},{"@type":"ListItem","position":2,"name":"Shop","item":"https:\/\/kzprofesional.com\/de\/shop\/"},{"@type":"ListItem","position":3,"name":"JRL Barber-Rucksack schwarz BA01 professionell &#8211; JRL"}]},{"@type":"WebSite","@id":"https:\/\/kzprofesional.com\/#website","url":"https:\/\/kzprofesional.com\/","name":"KZ Profesional","description":"","publisher":{"@id":"https:\/\/kzprofesional.com\/#organization"},"potentialAction":[{"@type":"SearchAction","target":{"@type":"EntryPoint","urlTemplate":"https:\/\/kzprofesional.com\/?s={search_term_string}"},"query-input":{"@type":"PropertyValueSpecification","valueRequired":true,"valueName":"search_term_string"}}],"inLanguage":"de"},{"@type":"Organization","@id":"https:\/\/kzprofesional.com\/#organization","name":"Imperio Barber Shop","url":"https:\/\/kzprofesional.com\/","logo":{"@type":"ImageObject","inLanguage":"de","@id":"https:\/\/kzprofesional.com\/#\/schema\/logo\/image\/","url":"https:\/\/kzprofesional.com\/wp-content\/uploads\/2021\/09\/Logo-Imperio-Barber-Shop.png","contentUrl":"https:\/\/kzprofesional.com\/wp-content\/uploads\/2021\/09\/Logo-Imperio-Barber-Shop.png","width":128,"height":128,"caption":"Imperio Barber Shop"},"image":{"@id":"https:\/\/kzprofesional.com\/#\/schema\/logo\/image\/"}}]}},"_links":{"self":[{"href":"https:\/\/kzprofesional.com\/de\/wp-json\/wp\/v2\/product\/80360","targetHints":{"allow":["GET"]}}],"collection":[{"href":"https:\/\/kzprofesional.com\/de\/wp-json\/wp\/v2\/product"}],"about":[{"href":"https:\/\/kzprofesional.com\/de\/wp-json\/wp\/v2\/types\/product"}],"wp:featuredmedia":[{"embeddable":true,"href":"https:\/\/kzprofesional.com\/de\/wp-json\/wp\/v2\/media\/80361"}],"wp:attachment":[{"href":"https:\/\/kzprofesional.com\/de\/wp-json\/wp\/v2\/media?parent=80360"}],"wp:term":[{"taxonomy":"product_brand","embeddable":true,"href":"https:\/\/kzprofesional.com\/de\/wp-json\/wp\/v2\/product_brand?post=80360"},{"taxonomy":"product_cat","embeddable":true,"href":"https:\/\/kzprofesional.com\/de\/wp-json\/wp\/v2\/product_cat?post=80360"},{"taxonomy":"product_tag","embeddable":true,"href":"https:\/\/kzprofesional.com\/de\/wp-json\/wp\/v2\/product_tag?post=80360"}],"curies":[{"name":"wp","href":"https:\/\/api.w.org\/{rel}","templated":true}]}}