

{"id":80325,"date":"2026-04-17T10:19:56","date_gmt":"2026-04-17T08:19:56","guid":{"rendered":"https:\/\/kzprofesional.com\/sac-a-dos-professionnel-noire-backpack-jrl-hp25035-jrl\/"},"modified":"2026-04-17T10:19:56","modified_gmt":"2026-04-17T08:19:56","slug":"sac-a-dos-professionnel-noire-backpack-jrl-hp25035-jrl","status":"publish","type":"product","link":"https:\/\/kzprofesional.com\/fr\/produit\/sac-a-dos-professionnel-noire-backpack-jrl-hp25035-jrl\/","title":{"rendered":"sac \u00e0 dos professionnel noire Backpack JRL HP25035 &#8211; JRL"},"content":{"rendered":"<h3>JRL sac \u00e0 dos professionnel noire Backpack HP25035<\/h3>\n<p>sac \u00e0 dos professionnel noire JRL Backpack HP25035<\/p>\n<p>La\u00a0<strong>JRL Backpack HP25035<\/strong>\u00a0es una mochila profesional con\u00e7ue para barbiers y coiffeurs que necesitan transporter sus herramientas con seguridad, comodidad y estilo.<\/p>\n<p>Su dise\u00f1o en color negro ofrece una imagen \u00e9l\u00e9gant y profesional, ideal tanto para el salon como para services \u00e0 domicile, formations ou \u00e9v\u00e9nements. Gracias a su estructura fonctionnel, permite organizar m\u00e1quinas cortacheveux, trimmers, tijeras, peines, cepillos y dem\u00e1s accesorios de trabajo.<\/p>\n<h3>Ventajas principales<\/h3>\n<ul>\n<li>Design professionnel et moderne en couleur noire.<\/li>\n<li>Grande capacit\u00e9 pour les outils de barberie et de coiffure.<\/li>\n<li>Compartiments organis\u00e9s pour plus de confort.<\/li>\n<li>Id\u00e9al pour le transport quotidien ou le travail mobile.<\/li>\n<li>Mat\u00e9riau r\u00e9sistant pour usage professionnel.<\/li>\n<\/ul>\n<h3>Caract\u00e9ristiques techniques<\/h3>\n<ul>\n<li><strong>Marque :<\/strong>\u00a0JRL<\/li>\n<li><strong>Mod\u00e8le :<\/strong>\u00a0Backpack HP25035<\/li>\n<li><strong>Couleur :<\/strong>\u00a0noir<\/li>\n<li><strong>Uso:<\/strong>\u00a0professionnel<\/li>\n<\/ul>\n<p>JRL sac \u00e0 dos professionnel noire \u00a0pr\u00e1ctica, r\u00e9sistant y con\u00e7ue pour faciliter le quotidien du professionnel de la barberie et coiffure.<\/p>\n","protected":false},"excerpt":{"rendered":"<p>JRL sac \u00e0 dos professionnel noire Backpack HP25035 sac \u00e0 dos professionnel noire JRL Backpack HP25035 La\u00a0JRL Backpack HP25035\u00a0es una mochila profesional con\u00e7ue para barbiers y coiffeurs que necesitan transporter sus herramientas con seguridad, comodidad y estilo. Su dise\u00f1o en color negro ofrece una imagen \u00e9l\u00e9gant y profesional, ideal tanto para el salon como para &#8230; <a title=\"sac \u00e0 dos professionnel noire Backpack JRL HP25035 &#8211; JRL\" class=\"read-more\" href=\"https:\/\/kzprofesional.com\/fr\/produit\/sac-a-dos-professionnel-noire-backpack-jrl-hp25035-jrl\/\" aria-label=\"En savoir plus sur sac \u00e0 dos professionnel noire Backpack JRL HP25035 &#8211; JRL\">Lire plus<\/a><\/p>\n","protected":false},"featured_media":80326,"template":"","meta":{"_acf_changed":false,"_jet_sm_ready_style":"","_jet_sm_style":"","_jet_sm_controls_values":"","_jet_sm_fonts_collection":"","_jet_sm_fonts_links":""},"product_brand":[],"product_cat":[771],"product_tag":[],"class_list":{"0":"post-80325","1":"product","2":"type-product","3":"status-publish","4":"has-post-thumbnail","6":"product_cat-accessoires","7":"sales-flash-overlay","8":"woocommerce-text-align-center","9":"woocommerce-image-align-center","10":"do-quantity-buttons","12":"first","13":"instock","14":"taxable","15":"shipping-taxable","16":"purchasable","17":"product-type-simple"},"bundled_by":[],"bundle_stock_status":"instock","bundle_stock_quantity":1,"bundle_virtual":false,"bundle_layout":"","bundle_add_to_cart_form_location":"","bundle_editable_in_cart":false,"bundle_sold_individually_context":"","bundle_item_grouping":"","bundle_min_size":"","bundle_max_size":"","bundle_price":[],"bundled_items":[],"bundle_sell_ids":[],"acf":[],"yoast_head":"<!-- This site is optimized with the Yoast SEO Premium plugin v25.9 (Yoast SEO v27.4) - https:\/\/yoast.com\/product\/yoast-seo-premium-wordpress\/ -->\n<title>sac \u00e0 dos professionnel noire Backpack JRL HP25035 - JRL - KZ Profesional<\/title>\n<meta name=\"description\" content=\"Le JRL Backpack HP25035 est un sac \u00e0 dos professionnel con\u00e7u pour les barbiers et coiffeurs qui doivent transporter leurs outils en toute s\u00e9curit\u00e9, avec confort et style.\" \/>\n<meta name=\"robots\" content=\"index, follow, max-snippet:-1, max-image-preview:large, max-video-preview:-1\" \/>\n<link rel=\"canonical\" href=\"https:\/\/kzprofesional.com\/producto\/mochila-profesional-negra-backpack-jrl-hp25035-jrl\/\" \/>\n<meta property=\"og:locale\" content=\"fr_FR\" \/>\n<meta property=\"og:type\" content=\"article\" \/>\n<meta property=\"og:title\" content=\"sac \u00e0 dos professionnel noire Backpack JRL HP25035 - JRL\" \/>\n<meta property=\"og:description\" content=\"Le JRL Backpack HP25035 est un sac \u00e0 dos professionnel con\u00e7u pour les barbiers et coiffeurs qui doivent transporter leurs outils en toute s\u00e9curit\u00e9, avec confort et style.\" \/>\n<meta property=\"og:url\" content=\"https:\/\/kzprofesional.com\/producto\/mochila-profesional-negra-backpack-jrl-hp25035-jrl\/\" \/>\n<meta property=\"og:site_name\" content=\"KZ Profesional\" \/>\n<meta property=\"og:image\" content=\"https:\/\/kzprofesional.com\/wp-content\/uploads\/Captura-de-pantalla-2026-04-17-100701.png\" \/>\n\t<meta property=\"og:image:width\" content=\"1074\" \/>\n\t<meta property=\"og:image:height\" content=\"581\" \/>\n\t<meta property=\"og:image:type\" content=\"image\/png\" \/>\n<meta name=\"twitter:card\" content=\"summary_large_image\" \/>\n<script type=\"application\/ld+json\" class=\"yoast-schema-graph\">{\"@context\":\"https:\\\/\\\/schema.org\",\"@graph\":[{\"@type\":\"WebPage\",\"@id\":\"https:\\\/\\\/kzprofesional.com\\\/producto\\\/mochila-profesional-negra-backpack-jrl-hp25035-jrl\\\/\",\"url\":\"https:\\\/\\\/kzprofesional.com\\\/producto\\\/mochila-profesional-negra-backpack-jrl-hp25035-jrl\\\/\",\"name\":\"sac \u00e0 dos professionnel noire Backpack JRL HP25035 - JRL - KZ Profesional\",\"isPartOf\":{\"@id\":\"https:\\\/\\\/kzprofesional.com\\\/#website\"},\"primaryImageOfPage\":{\"@id\":\"https:\\\/\\\/kzprofesional.com\\\/producto\\\/mochila-profesional-negra-backpack-jrl-hp25035-jrl\\\/#primaryimage\"},\"image\":{\"@id\":\"https:\\\/\\\/kzprofesional.com\\\/producto\\\/mochila-profesional-negra-backpack-jrl-hp25035-jrl\\\/#primaryimage\"},\"thumbnailUrl\":\"https:\\\/\\\/kzprofesional.com\\\/wp-content\\\/uploads\\\/Captura-de-pantalla-2026-04-17-100701.png\",\"datePublished\":\"2026-04-17T08:19:56+00:00\",\"description\":\"Le JRL Backpack HP25035 est un sac \u00e0 dos professionnel con\u00e7u pour les barbiers et coiffeurs qui doivent transporter leurs outils en toute s\u00e9curit\u00e9, avec confort et style.\",\"breadcrumb\":{\"@id\":\"https:\\\/\\\/kzprofesional.com\\\/producto\\\/mochila-profesional-negra-backpack-jrl-hp25035-jrl\\\/#breadcrumb\"},\"inLanguage\":\"fr-FR\",\"potentialAction\":[{\"@type\":\"ReadAction\",\"target\":[\"https:\\\/\\\/kzprofesional.com\\\/producto\\\/mochila-profesional-negra-backpack-jrl-hp25035-jrl\\\/\"]}]},{\"@type\":\"ImageObject\",\"inLanguage\":\"fr-FR\",\"@id\":\"https:\\\/\\\/kzprofesional.com\\\/producto\\\/mochila-profesional-negra-backpack-jrl-hp25035-jrl\\\/#primaryimage\",\"url\":\"https:\\\/\\\/kzprofesional.com\\\/wp-content\\\/uploads\\\/Captura-de-pantalla-2026-04-17-100701.png\",\"contentUrl\":\"https:\\\/\\\/kzprofesional.com\\\/wp-content\\\/uploads\\\/Captura-de-pantalla-2026-04-17-100701.png\",\"width\":1074,\"height\":581},{\"@type\":\"BreadcrumbList\",\"@id\":\"https:\\\/\\\/kzprofesional.com\\\/producto\\\/mochila-profesional-negra-backpack-jrl-hp25035-jrl\\\/#breadcrumb\",\"itemListElement\":[{\"@type\":\"ListItem\",\"position\":1,\"name\":\"Portada\",\"item\":\"https:\\\/\\\/kzprofesional.com\\\/fr\\\/\"},{\"@type\":\"ListItem\",\"position\":2,\"name\":\"Boutique\",\"item\":\"https:\\\/\\\/kzprofesional.com\\\/fr\\\/boutique\\\/\"},{\"@type\":\"ListItem\",\"position\":3,\"name\":\"sac \u00e0 dos professionnel noire Backpack JRL HP25035 &#8211; JRL\"}]},{\"@type\":\"WebSite\",\"@id\":\"https:\\\/\\\/kzprofesional.com\\\/#website\",\"url\":\"https:\\\/\\\/kzprofesional.com\\\/\",\"name\":\"KZ Profesional\",\"description\":\"\",\"publisher\":{\"@id\":\"https:\\\/\\\/kzprofesional.com\\\/#organization\"},\"potentialAction\":[{\"@type\":\"SearchAction\",\"target\":{\"@type\":\"EntryPoint\",\"urlTemplate\":\"https:\\\/\\\/kzprofesional.com\\\/?s={search_term_string}\"},\"query-input\":{\"@type\":\"PropertyValueSpecification\",\"valueRequired\":true,\"valueName\":\"search_term_string\"}}],\"inLanguage\":\"fr-FR\"},{\"@type\":\"Organization\",\"@id\":\"https:\\\/\\\/kzprofesional.com\\\/#organization\",\"name\":\"Imperio Barber Shop\",\"url\":\"https:\\\/\\\/kzprofesional.com\\\/\",\"logo\":{\"@type\":\"ImageObject\",\"inLanguage\":\"fr-FR\",\"@id\":\"https:\\\/\\\/kzprofesional.com\\\/#\\\/schema\\\/logo\\\/image\\\/\",\"url\":\"https:\\\/\\\/kzprofesional.com\\\/wp-content\\\/uploads\\\/2021\\\/09\\\/Logo-Imperio-Barber-Shop.png\",\"contentUrl\":\"https:\\\/\\\/kzprofesional.com\\\/wp-content\\\/uploads\\\/2021\\\/09\\\/Logo-Imperio-Barber-Shop.png\",\"width\":128,\"height\":128,\"caption\":\"Imperio Barber Shop\"},\"image\":{\"@id\":\"https:\\\/\\\/kzprofesional.com\\\/#\\\/schema\\\/logo\\\/image\\\/\"}}]}<\/script>\n<!-- \/ Yoast SEO Premium plugin. -->","yoast_head_json":{"title":"sac \u00e0 dos professionnel noire Backpack JRL HP25035 - JRL - KZ Profesional","description":"Le JRL Backpack HP25035 est un sac \u00e0 dos professionnel con\u00e7u pour les barbiers et coiffeurs qui doivent transporter leurs outils en toute s\u00e9curit\u00e9, avec confort et style.","robots":{"index":"index","follow":"follow","max-snippet":"max-snippet:-1","max-image-preview":"max-image-preview:large","max-video-preview":"max-video-preview:-1"},"canonical":"https:\/\/kzprofesional.com\/producto\/mochila-profesional-negra-backpack-jrl-hp25035-jrl\/","og_locale":"fr_FR","og_type":"article","og_title":"sac \u00e0 dos professionnel noire Backpack JRL HP25035 - JRL","og_description":"Le JRL Backpack HP25035 est un sac \u00e0 dos professionnel con\u00e7u pour les barbiers et coiffeurs qui doivent transporter leurs outils en toute s\u00e9curit\u00e9, avec confort et style.","og_url":"https:\/\/kzprofesional.com\/producto\/mochila-profesional-negra-backpack-jrl-hp25035-jrl\/","og_site_name":"KZ Profesional","og_image":[{"width":1074,"height":581,"url":"https:\/\/kzprofesional.com\/wp-content\/uploads\/Captura-de-pantalla-2026-04-17-100701.png","type":"image\/png"}],"twitter_card":"summary_large_image","schema":{"@context":"https:\/\/schema.org","@graph":[{"@type":"WebPage","@id":"https:\/\/kzprofesional.com\/producto\/mochila-profesional-negra-backpack-jrl-hp25035-jrl\/","url":"https:\/\/kzprofesional.com\/producto\/mochila-profesional-negra-backpack-jrl-hp25035-jrl\/","name":"sac \u00e0 dos professionnel noire Backpack JRL HP25035 - JRL - KZ Profesional","isPartOf":{"@id":"https:\/\/kzprofesional.com\/#website"},"primaryImageOfPage":{"@id":"https:\/\/kzprofesional.com\/producto\/mochila-profesional-negra-backpack-jrl-hp25035-jrl\/#primaryimage"},"image":{"@id":"https:\/\/kzprofesional.com\/producto\/mochila-profesional-negra-backpack-jrl-hp25035-jrl\/#primaryimage"},"thumbnailUrl":"https:\/\/kzprofesional.com\/wp-content\/uploads\/Captura-de-pantalla-2026-04-17-100701.png","datePublished":"2026-04-17T08:19:56+00:00","description":"Le JRL Backpack HP25035 est un sac \u00e0 dos professionnel con\u00e7u pour les barbiers et coiffeurs qui doivent transporter leurs outils en toute s\u00e9curit\u00e9, avec confort et style.","breadcrumb":{"@id":"https:\/\/kzprofesional.com\/producto\/mochila-profesional-negra-backpack-jrl-hp25035-jrl\/#breadcrumb"},"inLanguage":"fr-FR","potentialAction":[{"@type":"ReadAction","target":["https:\/\/kzprofesional.com\/producto\/mochila-profesional-negra-backpack-jrl-hp25035-jrl\/"]}]},{"@type":"ImageObject","inLanguage":"fr-FR","@id":"https:\/\/kzprofesional.com\/producto\/mochila-profesional-negra-backpack-jrl-hp25035-jrl\/#primaryimage","url":"https:\/\/kzprofesional.com\/wp-content\/uploads\/Captura-de-pantalla-2026-04-17-100701.png","contentUrl":"https:\/\/kzprofesional.com\/wp-content\/uploads\/Captura-de-pantalla-2026-04-17-100701.png","width":1074,"height":581},{"@type":"BreadcrumbList","@id":"https:\/\/kzprofesional.com\/producto\/mochila-profesional-negra-backpack-jrl-hp25035-jrl\/#breadcrumb","itemListElement":[{"@type":"ListItem","position":1,"name":"Portada","item":"https:\/\/kzprofesional.com\/fr\/"},{"@type":"ListItem","position":2,"name":"Boutique","item":"https:\/\/kzprofesional.com\/fr\/boutique\/"},{"@type":"ListItem","position":3,"name":"sac \u00e0 dos professionnel noire Backpack JRL HP25035 &#8211; JRL"}]},{"@type":"WebSite","@id":"https:\/\/kzprofesional.com\/#website","url":"https:\/\/kzprofesional.com\/","name":"KZ Profesional","description":"","publisher":{"@id":"https:\/\/kzprofesional.com\/#organization"},"potentialAction":[{"@type":"SearchAction","target":{"@type":"EntryPoint","urlTemplate":"https:\/\/kzprofesional.com\/?s={search_term_string}"},"query-input":{"@type":"PropertyValueSpecification","valueRequired":true,"valueName":"search_term_string"}}],"inLanguage":"fr-FR"},{"@type":"Organization","@id":"https:\/\/kzprofesional.com\/#organization","name":"Imperio Barber Shop","url":"https:\/\/kzprofesional.com\/","logo":{"@type":"ImageObject","inLanguage":"fr-FR","@id":"https:\/\/kzprofesional.com\/#\/schema\/logo\/image\/","url":"https:\/\/kzprofesional.com\/wp-content\/uploads\/2021\/09\/Logo-Imperio-Barber-Shop.png","contentUrl":"https:\/\/kzprofesional.com\/wp-content\/uploads\/2021\/09\/Logo-Imperio-Barber-Shop.png","width":128,"height":128,"caption":"Imperio Barber Shop"},"image":{"@id":"https:\/\/kzprofesional.com\/#\/schema\/logo\/image\/"}}]}},"_links":{"self":[{"href":"https:\/\/kzprofesional.com\/fr\/wp-json\/wp\/v2\/product\/80325","targetHints":{"allow":["GET"]}}],"collection":[{"href":"https:\/\/kzprofesional.com\/fr\/wp-json\/wp\/v2\/product"}],"about":[{"href":"https:\/\/kzprofesional.com\/fr\/wp-json\/wp\/v2\/types\/product"}],"wp:featuredmedia":[{"embeddable":true,"href":"https:\/\/kzprofesional.com\/fr\/wp-json\/wp\/v2\/media\/80326"}],"wp:attachment":[{"href":"https:\/\/kzprofesional.com\/fr\/wp-json\/wp\/v2\/media?parent=80325"}],"wp:term":[{"taxonomy":"product_brand","embeddable":true,"href":"https:\/\/kzprofesional.com\/fr\/wp-json\/wp\/v2\/product_brand?post=80325"},{"taxonomy":"product_cat","embeddable":true,"href":"https:\/\/kzprofesional.com\/fr\/wp-json\/wp\/v2\/product_cat?post=80325"},{"taxonomy":"product_tag","embeddable":true,"href":"https:\/\/kzprofesional.com\/fr\/wp-json\/wp\/v2\/product_tag?post=80325"}],"curies":[{"name":"wp","href":"https:\/\/api.w.org\/{rel}","templated":true}]}}