

{"id":83164,"date":"2026-03-20T11:39:35","date_gmt":"2026-03-20T10:39:35","guid":{"rendered":"https:\/\/kzprofesional.com\/rasoir-shaver-veloce-lite-noire-rouge-cocco\/"},"modified":"2026-04-30T04:26:26","modified_gmt":"2026-04-30T02:26:26","slug":"rasoir-shaver-veloce-lite-noire-rouge-cocco","status":"publish","type":"product","link":"https:\/\/kzprofesional.com\/fr\/rasoir-shaver-veloce-lite-noire-rouge-cocco\/","title":{"rendered":"Rasoir\/Shaver Veloce Lite Noire\/Rouge &#8211; COCCO"},"content":{"rendered":"<p><strong>Rasoir\/Shaver Veloce Lite Noire\/Rouge &#8211; COCCO<\/strong><\/p>\n<div><em><span dir=\"auto\">La afeitadora Veloce Lite es una afeitadora de tama\u00f1o completo dise\u00f1ada para el profesional de la peluquer\u00eda, que busca eficiencia y un afeitado apurado.<\/span><\/em><\/div>\n<h4><strong><span dir=\"auto\">Sistema de l\u00e1minas dobles escalonadas<\/span><\/strong><\/h4>\n<div><span dir=\"auto\">Nuestra afeitadora de doble l\u00e1mina escalonada realiza un afeitado en dos etapas: una l\u00e1mina se levanta y la otra finaliza, reduciendo as\u00ed las pasadas y minimizando las sombras. Gracias a su sistema de suspensi\u00f3n flotante, las l\u00e1minas se adaptan a la superficie de afeitado, lo que permite afeitar zonas de dif\u00edcil acceso (como la mand\u00edbula, el cuello, detr\u00e1s de las orejas, etc.).<\/span><\/div>\n<h4><strong><span dir=\"auto\">La herramienta de viaje perfecta<\/span><\/strong><\/h4>\n<div><span dir=\"auto\">La Veloce Lite incorpora un bloqueo de viaje. Mant\u00e9n pulsado el bot\u00f3n de encendido durante tres segundos para activarlo o desactivarlo y evitar la activaci\u00f3n accidental de la herramienta. Adem\u00e1s, cuenta con un puerto de carga USB-C, lo que la hace compatible con la mayor\u00eda de los cargadores de tel\u00e9fono.<\/span><\/div>\n<h4><strong><span dir=\"auto\">F\u00e1cil limpieza<\/span><\/strong><\/h4>\n<div><span dir=\"auto\">Los cabezales de aluminio, accionados por un resorte, se desmontan con solo pulsar un bot\u00f3n para facilitar la limpieza y desinfecci\u00f3n.<\/span><\/div>\n<h4><strong><span dir=\"auto\">Dise\u00f1o ergon\u00f3mico<\/span><\/strong><\/h4>\n<div><span dir=\"auto\">Dise\u00f1ada para la comodidad profesional, la afeitadora es ligera, tiene un agarre ergon\u00f3mico y cuenta con l\u00e1minas dobles colocadas a diferentes alturas para facilitar el afeitado.<\/span><\/div>\n<h4><strong><span dir=\"auto\">Moteur de CC de 7000 RPM<\/span><\/strong><\/h4>\n<div>\n<div><span dir=\"auto\">Dise\u00f1ada para tous types de cheveux, la afeitadora Veloce Lite te ofrece una potencia de nivel profesional.<\/span><\/div>\n<\/div>\n<h4><strong><span dir=\"auto\">La herramienta de viaje perfecta<\/span><\/strong><\/h4>\n<div><span dir=\"auto\">La Veloce Lite incorpora un bloqueo de viaje. Mant\u00e9n pulsado el bot\u00f3n de encendido durante tres segundos para activarlo o desactivarlo y evitar la activaci\u00f3n accidental de la herramienta. Adem\u00e1s, cuenta con un puerto de carga USB-C, lo que la hace compatible con la mayor\u00eda de los cargadores de tel\u00e9fono.<\/span><\/div>\n<div><\/div>\n<div>\n<div><span dir=\"auto\">Temps de charge de 1,5 horas y tiempo de funcionamiento de 3 horas.<\/span><\/div>\n<div><span dir=\"auto\">*La duraci\u00f3n de la carga y del funcionamiento puede variar seg\u00fan el uso y las condiciones.*<\/span><\/div>\n<\/div>\n","protected":false},"excerpt":{"rendered":"<p>\u00a1PR\u00c9VENTE EXCLUSIVE!<\/p>\n<p>R\u00e9servez votre Cocco. Soyez parmi les premiers \u00e0 le recevoir.<\/p>\n<p>\ud83d\uddd3 Disponible \u00e0 partir du 20 de Abril<br \/>\n\ud83d\ude9a Les commandes commenceront \u00e0 \u00eatre exp\u00e9di\u00e9es \u00e0 partir de cette date.<br \/>\n\ud83c\udf81 \u00a1Unit\u00e9s limit\u00e9es en esta primera edici\u00f3n!<\/p>\n<p>\ud83d\udd12 Achetez maintenant pour r\u00e9server votre unit\u00e9.<br \/>\n\ud83d\udcb3 Le paiement est effectu\u00e9 aujourd\u2019hui, l\u2019exp\u00e9dition sera automatique a partir del 20\/04,<strong> le paiement contre remboursement n\u2019est pas disponible.<\/strong><\/p>\n<p>Garant\u00eda de 1 a\u00f1o para profesionales y empresas. 3 a\u00f1os para consumidores particulares.<\/p>\n","protected":false},"featured_media":83165,"template":"","meta":{"_acf_changed":false,"_jet_sm_ready_style":"","_jet_sm_style":"","_jet_sm_controls_values":"","_jet_sm_fonts_collection":"","_jet_sm_fonts_links":""},"product_brand":[],"product_cat":[806,825,988,824],"product_tag":[],"class_list":{"0":"post-83164","1":"product","2":"type-product","3":"status-publish","4":"has-post-thumbnail","6":"product_cat-nouveautes","7":"product_cat-sans-fil","8":"product_cat-shaver-a-batterie","9":"product_cat-tondeuses","10":"product_shipping_class-envio-para-mobiliario","11":"sales-flash-overlay","12":"woocommerce-text-align-center","13":"woocommerce-image-align-center","14":"do-quantity-buttons","16":"first","17":"instock","18":"taxable","19":"shipping-taxable","20":"purchasable","21":"product-type-simple"},"bundled_by":[],"bundle_stock_status":"instock","bundle_stock_quantity":34,"bundle_virtual":false,"bundle_layout":"","bundle_add_to_cart_form_location":"","bundle_editable_in_cart":false,"bundle_sold_individually_context":"","bundle_item_grouping":"","bundle_min_size":"","bundle_max_size":"","bundle_price":[],"bundled_items":[],"bundle_sell_ids":[],"acf":[],"yoast_head":"<!-- This site is optimized with the Yoast SEO Premium plugin v25.9 (Yoast SEO v27.5) - https:\/\/yoast.com\/product\/yoast-seo-premium-wordpress\/ -->\n<title>Rasoir\/Shaver Veloce Lite Noire\/Rouge - COCCO - KZ Profesional<\/title>\n<meta name=\"description\" content=\"Le shaver Veloce Lite est un shaver pleine taille con\u00e7u pour les professionnels de la coiffure recherchant efficacit\u00e9 et rasage de pr\u00e8s.\" \/>\n<meta name=\"robots\" content=\"index, follow, max-snippet:-1, max-image-preview:large, max-video-preview:-1\" \/>\n<link rel=\"canonical\" href=\"https:\/\/kzprofesional.com\/maquina-afeitadora-shaver-veloce-lite-negra-roja-cocco\/\" \/>\n<meta property=\"og:locale\" content=\"fr_FR\" \/>\n<meta property=\"og:type\" content=\"article\" \/>\n<meta property=\"og:title\" content=\"Rasoir\/Shaver Veloce Lite Noire\/Rouge - COCCO\" \/>\n<meta property=\"og:description\" content=\"Le shaver Veloce Lite est un shaver pleine taille con\u00e7u pour les professionnels de la coiffure recherchant efficacit\u00e9 et rasage de pr\u00e8s.\" \/>\n<meta property=\"og:url\" content=\"https:\/\/kzprofesional.com\/maquina-afeitadora-shaver-veloce-lite-negra-roja-cocco\/\" \/>\n<meta property=\"og:site_name\" content=\"KZ Profesional\" \/>\n<meta property=\"article:modified_time\" content=\"2026-04-30T02:26:26+00:00\" \/>\n<meta property=\"og:image\" content=\"https:\/\/kzprofesional.com\/wp-content\/uploads\/SHAVER-VELOCE3.png\" \/>\n\t<meta property=\"og:image:width\" content=\"859\" \/>\n\t<meta property=\"og:image:height\" content=\"861\" \/>\n\t<meta property=\"og:image:type\" content=\"image\/png\" \/>\n<meta name=\"twitter:card\" content=\"summary_large_image\" \/>\n<script type=\"application\/ld+json\" class=\"yoast-schema-graph\">{\"@context\":\"https:\\\/\\\/schema.org\",\"@graph\":[{\"@type\":\"WebPage\",\"@id\":\"https:\\\/\\\/kzprofesional.com\\\/maquina-afeitadora-shaver-veloce-lite-negra-roja-cocco\\\/\",\"url\":\"https:\\\/\\\/kzprofesional.com\\\/maquina-afeitadora-shaver-veloce-lite-negra-roja-cocco\\\/\",\"name\":\"Rasoir\\\/Shaver Veloce Lite Noire\\\/Rouge - COCCO - KZ Profesional\",\"isPartOf\":{\"@id\":\"https:\\\/\\\/kzprofesional.com\\\/#website\"},\"primaryImageOfPage\":{\"@id\":\"https:\\\/\\\/kzprofesional.com\\\/maquina-afeitadora-shaver-veloce-lite-negra-roja-cocco\\\/#primaryimage\"},\"image\":{\"@id\":\"https:\\\/\\\/kzprofesional.com\\\/maquina-afeitadora-shaver-veloce-lite-negra-roja-cocco\\\/#primaryimage\"},\"thumbnailUrl\":\"https:\\\/\\\/kzprofesional.com\\\/wp-content\\\/uploads\\\/SHAVER-VELOCE3.png\",\"datePublished\":\"2026-03-20T10:39:35+00:00\",\"dateModified\":\"2026-04-30T02:26:26+00:00\",\"description\":\"Le shaver Veloce Lite est un shaver pleine taille con\u00e7u pour les professionnels de la coiffure recherchant efficacit\u00e9 et rasage de pr\u00e8s.\",\"breadcrumb\":{\"@id\":\"https:\\\/\\\/kzprofesional.com\\\/maquina-afeitadora-shaver-veloce-lite-negra-roja-cocco\\\/#breadcrumb\"},\"inLanguage\":\"fr-FR\",\"potentialAction\":[{\"@type\":\"ReadAction\",\"target\":[\"https:\\\/\\\/kzprofesional.com\\\/maquina-afeitadora-shaver-veloce-lite-negra-roja-cocco\\\/\"]}]},{\"@type\":\"ImageObject\",\"inLanguage\":\"fr-FR\",\"@id\":\"https:\\\/\\\/kzprofesional.com\\\/maquina-afeitadora-shaver-veloce-lite-negra-roja-cocco\\\/#primaryimage\",\"url\":\"https:\\\/\\\/kzprofesional.com\\\/wp-content\\\/uploads\\\/SHAVER-VELOCE3.png\",\"contentUrl\":\"https:\\\/\\\/kzprofesional.com\\\/wp-content\\\/uploads\\\/SHAVER-VELOCE3.png\",\"width\":859,\"height\":861},{\"@type\":\"BreadcrumbList\",\"@id\":\"https:\\\/\\\/kzprofesional.com\\\/maquina-afeitadora-shaver-veloce-lite-negra-roja-cocco\\\/#breadcrumb\",\"itemListElement\":[{\"@type\":\"ListItem\",\"position\":1,\"name\":\"Accueil\",\"item\":\"https:\\\/\\\/kzprofesional.com\\\/\"},{\"@type\":\"ListItem\",\"position\":2,\"name\":\"Boutique\",\"item\":\"https:\\\/\\\/kzprofesional.com\\\/fr\\\/boutique\\\/\"},{\"@type\":\"ListItem\",\"position\":3,\"name\":\"Rasoir\\\/Shaver Veloce Lite Noire\\\/Rouge &#8211; COCCO\"}]},{\"@type\":\"WebSite\",\"@id\":\"https:\\\/\\\/kzprofesional.com\\\/#website\",\"url\":\"https:\\\/\\\/kzprofesional.com\\\/\",\"name\":\"KZ Profesional\",\"description\":\"\",\"publisher\":{\"@id\":\"https:\\\/\\\/kzprofesional.com\\\/#organization\"},\"potentialAction\":[{\"@type\":\"SearchAction\",\"target\":{\"@type\":\"EntryPoint\",\"urlTemplate\":\"https:\\\/\\\/kzprofesional.com\\\/?s={search_term_string}\"},\"query-input\":{\"@type\":\"PropertyValueSpecification\",\"valueRequired\":true,\"valueName\":\"search_term_string\"}}],\"inLanguage\":\"fr-FR\"},{\"@type\":\"Organization\",\"@id\":\"https:\\\/\\\/kzprofesional.com\\\/#organization\",\"name\":\"Imperio Barber Shop\",\"url\":\"https:\\\/\\\/kzprofesional.com\\\/\",\"logo\":{\"@type\":\"ImageObject\",\"inLanguage\":\"fr-FR\",\"@id\":\"https:\\\/\\\/kzprofesional.com\\\/#\\\/schema\\\/logo\\\/image\\\/\",\"url\":\"https:\\\/\\\/kzprofesional.com\\\/wp-content\\\/uploads\\\/2021\\\/09\\\/Logo-Imperio-Barber-Shop.png\",\"contentUrl\":\"https:\\\/\\\/kzprofesional.com\\\/wp-content\\\/uploads\\\/2021\\\/09\\\/Logo-Imperio-Barber-Shop.png\",\"width\":128,\"height\":128,\"caption\":\"Imperio Barber Shop\"},\"image\":{\"@id\":\"https:\\\/\\\/kzprofesional.com\\\/#\\\/schema\\\/logo\\\/image\\\/\"}}]}<\/script>\n<!-- \/ Yoast SEO Premium plugin. -->","yoast_head_json":{"title":"Rasoir\/Shaver Veloce Lite Noire\/Rouge - COCCO - KZ Profesional","description":"Le shaver Veloce Lite est un shaver pleine taille con\u00e7u pour les professionnels de la coiffure recherchant efficacit\u00e9 et rasage de pr\u00e8s.","robots":{"index":"index","follow":"follow","max-snippet":"max-snippet:-1","max-image-preview":"max-image-preview:large","max-video-preview":"max-video-preview:-1"},"canonical":"https:\/\/kzprofesional.com\/maquina-afeitadora-shaver-veloce-lite-negra-roja-cocco\/","og_locale":"fr_FR","og_type":"article","og_title":"Rasoir\/Shaver Veloce Lite Noire\/Rouge - COCCO","og_description":"Le shaver Veloce Lite est un shaver pleine taille con\u00e7u pour les professionnels de la coiffure recherchant efficacit\u00e9 et rasage de pr\u00e8s.","og_url":"https:\/\/kzprofesional.com\/maquina-afeitadora-shaver-veloce-lite-negra-roja-cocco\/","og_site_name":"KZ Profesional","article_modified_time":"2026-04-30T02:26:26+00:00","og_image":[{"width":859,"height":861,"url":"https:\/\/kzprofesional.com\/wp-content\/uploads\/SHAVER-VELOCE3.png","type":"image\/png"}],"twitter_card":"summary_large_image","schema":{"@context":"https:\/\/schema.org","@graph":[{"@type":"WebPage","@id":"https:\/\/kzprofesional.com\/maquina-afeitadora-shaver-veloce-lite-negra-roja-cocco\/","url":"https:\/\/kzprofesional.com\/maquina-afeitadora-shaver-veloce-lite-negra-roja-cocco\/","name":"Rasoir\/Shaver Veloce Lite Noire\/Rouge - COCCO - KZ Profesional","isPartOf":{"@id":"https:\/\/kzprofesional.com\/#website"},"primaryImageOfPage":{"@id":"https:\/\/kzprofesional.com\/maquina-afeitadora-shaver-veloce-lite-negra-roja-cocco\/#primaryimage"},"image":{"@id":"https:\/\/kzprofesional.com\/maquina-afeitadora-shaver-veloce-lite-negra-roja-cocco\/#primaryimage"},"thumbnailUrl":"https:\/\/kzprofesional.com\/wp-content\/uploads\/SHAVER-VELOCE3.png","datePublished":"2026-03-20T10:39:35+00:00","dateModified":"2026-04-30T02:26:26+00:00","description":"Le shaver Veloce Lite est un shaver pleine taille con\u00e7u pour les professionnels de la coiffure recherchant efficacit\u00e9 et rasage de pr\u00e8s.","breadcrumb":{"@id":"https:\/\/kzprofesional.com\/maquina-afeitadora-shaver-veloce-lite-negra-roja-cocco\/#breadcrumb"},"inLanguage":"fr-FR","potentialAction":[{"@type":"ReadAction","target":["https:\/\/kzprofesional.com\/maquina-afeitadora-shaver-veloce-lite-negra-roja-cocco\/"]}]},{"@type":"ImageObject","inLanguage":"fr-FR","@id":"https:\/\/kzprofesional.com\/maquina-afeitadora-shaver-veloce-lite-negra-roja-cocco\/#primaryimage","url":"https:\/\/kzprofesional.com\/wp-content\/uploads\/SHAVER-VELOCE3.png","contentUrl":"https:\/\/kzprofesional.com\/wp-content\/uploads\/SHAVER-VELOCE3.png","width":859,"height":861},{"@type":"BreadcrumbList","@id":"https:\/\/kzprofesional.com\/maquina-afeitadora-shaver-veloce-lite-negra-roja-cocco\/#breadcrumb","itemListElement":[{"@type":"ListItem","position":1,"name":"Accueil","item":"https:\/\/kzprofesional.com\/"},{"@type":"ListItem","position":2,"name":"Boutique","item":"https:\/\/kzprofesional.com\/fr\/boutique\/"},{"@type":"ListItem","position":3,"name":"Rasoir\/Shaver Veloce Lite Noire\/Rouge &#8211; COCCO"}]},{"@type":"WebSite","@id":"https:\/\/kzprofesional.com\/#website","url":"https:\/\/kzprofesional.com\/","name":"KZ Profesional","description":"","publisher":{"@id":"https:\/\/kzprofesional.com\/#organization"},"potentialAction":[{"@type":"SearchAction","target":{"@type":"EntryPoint","urlTemplate":"https:\/\/kzprofesional.com\/?s={search_term_string}"},"query-input":{"@type":"PropertyValueSpecification","valueRequired":true,"valueName":"search_term_string"}}],"inLanguage":"fr-FR"},{"@type":"Organization","@id":"https:\/\/kzprofesional.com\/#organization","name":"Imperio Barber Shop","url":"https:\/\/kzprofesional.com\/","logo":{"@type":"ImageObject","inLanguage":"fr-FR","@id":"https:\/\/kzprofesional.com\/#\/schema\/logo\/image\/","url":"https:\/\/kzprofesional.com\/wp-content\/uploads\/2021\/09\/Logo-Imperio-Barber-Shop.png","contentUrl":"https:\/\/kzprofesional.com\/wp-content\/uploads\/2021\/09\/Logo-Imperio-Barber-Shop.png","width":128,"height":128,"caption":"Imperio Barber Shop"},"image":{"@id":"https:\/\/kzprofesional.com\/#\/schema\/logo\/image\/"}}]}},"_links":{"self":[{"href":"https:\/\/kzprofesional.com\/fr\/wp-json\/wp\/v2\/product\/83164","targetHints":{"allow":["GET"]}}],"collection":[{"href":"https:\/\/kzprofesional.com\/fr\/wp-json\/wp\/v2\/product"}],"about":[{"href":"https:\/\/kzprofesional.com\/fr\/wp-json\/wp\/v2\/types\/product"}],"wp:featuredmedia":[{"embeddable":true,"href":"https:\/\/kzprofesional.com\/fr\/wp-json\/wp\/v2\/media\/83165"}],"wp:attachment":[{"href":"https:\/\/kzprofesional.com\/fr\/wp-json\/wp\/v2\/media?parent=83164"}],"wp:term":[{"taxonomy":"product_brand","embeddable":true,"href":"https:\/\/kzprofesional.com\/fr\/wp-json\/wp\/v2\/product_brand?post=83164"},{"taxonomy":"product_cat","embeddable":true,"href":"https:\/\/kzprofesional.com\/fr\/wp-json\/wp\/v2\/product_cat?post=83164"},{"taxonomy":"product_tag","embeddable":true,"href":"https:\/\/kzprofesional.com\/fr\/wp-json\/wp\/v2\/product_tag?post=83164"}],"curies":[{"name":"wp","href":"https:\/\/api.w.org\/{rel}","templated":true}]}}