

{"id":79748,"date":"2026-04-24T11:21:07","date_gmt":"2026-04-24T09:21:07","guid":{"rendered":"https:\/\/kzprofesional.com\/macchina-hi-viz-trimmer-wahl\/"},"modified":"2026-04-27T08:02:07","modified_gmt":"2026-04-27T06:02:07","slug":"macchina-hi-viz-trimmer-wahl","status":"publish","type":"product","link":"https:\/\/kzprofesional.com\/it\/prodotto\/macchina-hi-viz-trimmer-wahl\/","title":{"rendered":"Macchina Hi-Viz\u2122 Trimmer &#8211; WAHL"},"content":{"rendered":"<div class=\"product attribute overview\">\n<div class=\"value\">\n<div data-content-type=\"row\" data-appearance=\"contained\" data-element=\"main\">\n<div data-enable-parallax=\"0\" data-parallax-speed=\"0.5\" data-background-images=\"{}\" data-background-type=\"image\" data-video-loop=\"true\" data-video-play-only-visible=\"true\" data-video-lazy-load=\"true\" data-video-fallback-src=\"\" data-element=\"inner\" data-pb-style=\"SW0K5HR\">\n<div data-content-type=\"text\" data-appearance=\"default\" data-element=\"main\">\n<p><strong>DOMINA I DETTAGLI CON IL TRIMMER WAHL 5 STAR<\/strong><\/p>\n<p>Creata per barbieri e stilisti che vivono di precisione, la rifinitrice Wahl 5 Star \u00e8 progettata per offrire visibilit\u00e0, controllo e prestazioni impareggiabili. Pensata per una finitura ultraprecisa, contorni puliti su viso, collo e intorno alle orecchie e risultati professionali e ravvicinati nelle zone difficili da raggiungere, il trimmer Hi-Viz\u2122 offre un controllo eccezionale. Il design con collo sottile e la lama a T ad alta visibilit\u00e0 di Wahl garantiscono che ogni linea, bordo e dettaglio sia chiaro e preciso. Questo trimmer professionale \u00e8 pi\u00f9 di uno strumento: \u00e8 un\u2019estensione del tuo mestiere.<\/p>\n<p><strong>Caratteristiche del prodotto<\/strong>:<\/p>\n<ul>\n<li>Il motore con controllo adattivo della velocit\u00e0 (fino a 7200 rpm) si regola automaticamente in base a densit\u00e0 e spessore del capello per ottenere un taglio pulito a ogni passata.<\/li>\n<li>135 minuti di autonomia cordless con soli 45 minuti di ricarica, per avere energia per tutta la giornata.<\/li>\n<li>M\u00faltiples opciones de carga, incluyendo un soporte con contrapeso , un cable de carga de 5V o un USB-C est\u00e1ndar.<\/li>\n<li>Carcasa totalmente met\u00e1lica y bien equilibrada con el dise\u00f1o ComfortCurve\u2122 de Wahl para reducir la fatiga de la mano y ofrecer comodidad durante todo el d\u00eda.<\/li>\n<\/ul>\n<p><strong>Caratteristiche della lama<\/strong>:<\/p>\n<ul>\n<li>Cuchilla en T ancha Hi-Viz\u2122 exclusiva de Wahl con cuello estrecho para una mayor visibilidad y un control superior.<\/li>\n<li>El recubrimiento de carbono tipo diamante (DLC) mantiene la cuchilla fr\u00eda durante m\u00e1s tiempo y hasta 8 veces m\u00e1s afilada y resistente que las cuchillas de acero inoxidable est\u00e1ndar (probado en laboratorio).<\/li>\n<li>Hi-Viz\u2122 se puede ajustar a 0, lo que permite longitudes de corte ultracortas y l\u00edneas precisas y limpias, incluso en espacios reducidos.<\/li>\n<li>Herramienta profesional adicional incluida para ajustar la cuchilla a la perfecci\u00f3n sin dejar ning\u00fan espacio.<\/li>\n<\/ul>\n<\/div>\n<\/div>\n<\/div>\n<\/div>\n<\/div>\n<div class=\"product-info-stock-sku\">\n<div class=\"product attribute sku\">\n<p><strong class=\"type\">SKU<\/strong><\/p>\n<div class=\"value\">3023702<\/div>\n<\/div>\n<\/div>\n<div class=\"product info detailed\">\n<div class=\"product data items active\" role=\"tablist\" data-collapsible=\"true\">\n<div class=\"data item title\" tabindex=\"0\" role=\"tab\" data-role=\"title\" aria-selected=\"true\" aria-expanded=\"true\">Contenuto della confezione<\/div>\n<div class=\"data item content\" role=\"tabpanel\" data-role=\"content\" aria-hidden=\"false\">\n<div data-content-type=\"row\" data-appearance=\"contained\" data-element=\"main\">\n<div data-enable-parallax=\"0\" data-parallax-speed=\"0.5\" data-background-images=\"{}\" data-background-type=\"image\" data-video-loop=\"true\" data-video-play-only-visible=\"true\" data-video-lazy-load=\"true\" data-video-fallback-src=\"\" data-element=\"inner\" data-pb-style=\"U931PUU\">\n<div data-content-type=\"text\" data-appearance=\"default\" data-element=\"main\">\n<ul>\n<li>Base di ricarica<\/li>\n<li>Strumento di regolazione lama<\/li>\n<li>Spazzola di preparazione al taglio<\/li>\n<li>Spazzola di pulizia<\/li>\n<li>Olio per lame<\/li>\n<li>Proteggi-lama<\/li>\n<\/ul>\n<\/div>\n<\/div>\n<\/div>\n<\/div>\n<\/div>\n<div class=\"product data items active\" role=\"tablist\" data-collapsible=\"true\">\n<div class=\"data item title\" tabindex=\"0\" role=\"tab\" data-role=\"title\" aria-selected=\"true\" aria-expanded=\"true\"><strong>Specifiche<\/strong><\/div>\n<div class=\"data item content\" role=\"tabpanel\" data-role=\"content\" aria-hidden=\"false\">\n<div class=\"additional-attributes-wrapper table-wrapper\">\n<table id=\"product-attribute-specs-table\" class=\"data table additional-attributes\">\n<tbody>\n<tr>\n<th class=\"col label\" scope=\"row\">Codice a barre articolo EAN<\/th>\n<td class=\"col data\" data-th=\"Item bar code EAN\">0043917002897<\/td>\n<\/tr>\n<tr>\n<th class=\"col label\" scope=\"row\">Marca FG articolo<\/th>\n<td class=\"col data\" data-th=\"Item FG Brand\">Wahl<\/td>\n<\/tr>\n<tr>\n<th class=\"col label\" scope=\"row\">Tempo di ricarica<\/th>\n<td class=\"col data\" data-th=\"Charge Time\">45 min<\/td>\n<\/tr>\n<tr>\n<th class=\"col label\" scope=\"row\">Tipo di batteria<\/th>\n<td class=\"col data\" data-th=\"Battery Type\">Litio<\/td>\n<\/tr>\n<tr>\n<th class=\"col label\" scope=\"row\">Lunghezza del cavo<\/th>\n<td class=\"col data\" data-th=\"Cable length\">2.4 m<\/td>\n<\/tr>\n<tr>\n<th class=\"col label\" scope=\"row\">Lunghezza di taglio<\/th>\n<td class=\"col data\" data-th=\"Cutting Length\">0,4 mm<\/td>\n<\/tr>\n<tr>\n<th class=\"col label\" scope=\"row\">Tipo di alimentazione<\/th>\n<td class=\"col data\" data-th=\"Power Type\">Batteria ricaricabile: utilizzabile con e senza cavo<\/td>\n<\/tr>\n<tr>\n<th class=\"col label\" scope=\"row\">Larghezza di taglio<\/th>\n<td class=\"col data\" data-th=\"Cutting Width\">40,6 mm<\/td>\n<\/tr>\n<tr>\n<th class=\"col label\" scope=\"row\">Motor\/Accionamiento<\/th>\n<td class=\"col data\" data-th=\"Motor\/Drive\">Motor de DC, 7200 rpm<\/td>\n<\/tr>\n<tr>\n<th class=\"col label\" scope=\"row\">Autonomia<\/th>\n<td class=\"col data\" data-th=\"Run Time\">135 min<\/td>\n<\/tr>\n<tr>\n<th class=\"col label\" scope=\"row\">Voltaggio<\/th>\n<td class=\"col data\" data-th=\"Voltage\">100-240V<\/td>\n<\/tr>\n<tr>\n<th class=\"col label\" scope=\"row\">Categorizzazione del prodotto<\/th>\n<td class=\"col data\" data-th=\"Product Flag\">I pi\u00f9 venduti<\/td>\n<\/tr>\n<tr>\n<th class=\"col label\" scope=\"row\">Set lame<\/th>\n<td class=\"col data\" data-th=\"Blade set\">Lama Hi-Viz<\/td>\n<\/tr>\n<tr>\n<th class=\"col label\" scope=\"row\">Peso<\/th>\n<td class=\"col data\" data-th=\"Weight\">204 g<\/td>\n<\/tr>\n<\/tbody>\n<\/table>\n<\/div>\n<\/div>\n<\/div>\n<\/div>\n","protected":false},"excerpt":{"rendered":"<p>DOMINA I DETTAGLI CON IL TRIMMER WAHL 5 STAR Creata per barbieri e stilisti che vivono di precisione, la rifinitrice Wahl 5 Star \u00e8 progettata per offrire visibilit\u00e0, controllo e prestazioni impareggiabili. Pensata per una finitura ultraprecisa, contorni puliti su viso, collo e intorno alle orecchie e risultati professionali e ravvicinati nelle zone difficili da &#8230; <a title=\"Macchina Hi-Viz\u2122 Trimmer &#8211; WAHL\" class=\"read-more\" href=\"https:\/\/kzprofesional.com\/it\/prodotto\/macchina-hi-viz-trimmer-wahl\/\" aria-label=\"Per saperne di pi\u00f9 su Macchina Hi-Viz\u2122 Trimmer &#8211; WAHL\">Leggi tutto<\/a><\/p>\n","protected":false},"featured_media":79749,"template":"","meta":{"_acf_changed":false,"_jet_sm_ready_style":"","_jet_sm_style":"","_jet_sm_controls_values":"","_jet_sm_fonts_collection":"","_jet_sm_fonts_links":""},"product_brand":[],"product_cat":[831,814,830,829],"product_tag":[],"class_list":{"0":"post-79748","1":"product","2":"type-product","3":"status-publish","4":"has-post-thumbnail","6":"product_cat-batteria","7":"product_cat-novita","8":"product_cat-tagliacapelli","9":"product_cat-trimmer-a-batteria","10":"sales-flash-overlay","11":"woocommerce-text-align-center","12":"woocommerce-image-align-center","13":"do-quantity-buttons","15":"first","16":"instock","17":"taxable","18":"shipping-taxable","19":"purchasable","20":"product-type-simple"},"bundled_by":[],"bundle_stock_status":"instock","bundle_stock_quantity":2,"bundle_virtual":false,"bundle_layout":"","bundle_add_to_cart_form_location":"","bundle_editable_in_cart":false,"bundle_sold_individually_context":"","bundle_item_grouping":"","bundle_min_size":"","bundle_max_size":"","bundle_price":[],"bundled_items":[],"bundle_sell_ids":[],"acf":[],"yoast_head":"<!-- This site is optimized with the Yoast SEO Premium plugin v25.9 (Yoast SEO v27.4) - https:\/\/yoast.com\/product\/yoast-seo-premium-wordpress\/ -->\n<title>Macchina Hi-Viz\u2122 Trimmer - WAHL - KZ Profesional<\/title>\n<meta name=\"description\" content=\"Creata per barbieri e stilisti che vivono di precisione, la rifinitrice Wahl 5 Star \u00e8 progettata per offrire visibilit\u00e0, controllo e prestazioni impareggiabili.\" \/>\n<meta name=\"robots\" content=\"index, follow, max-snippet:-1, max-image-preview:large, max-video-preview:-1\" \/>\n<link rel=\"canonical\" href=\"https:\/\/kzprofesional.com\/producto\/maquina-hi-viz-trimmer-wahl\/\" \/>\n<meta property=\"og:locale\" content=\"it_IT\" \/>\n<meta property=\"og:type\" content=\"article\" \/>\n<meta property=\"og:title\" content=\"Macchina Hi-Viz\u2122 Trimmer - WAHL\" \/>\n<meta property=\"og:description\" content=\"Creata per barbieri e stilisti che vivono di precisione, la rifinitrice Wahl 5 Star \u00e8 progettata per offrire visibilit\u00e0, controllo e prestazioni impareggiabili.\" \/>\n<meta property=\"og:url\" content=\"https:\/\/kzprofesional.com\/producto\/maquina-hi-viz-trimmer-wahl\/\" \/>\n<meta property=\"og:site_name\" content=\"KZ Profesional\" \/>\n<meta property=\"article:modified_time\" content=\"2026-04-27T06:02:07+00:00\" \/>\n<meta property=\"og:image\" content=\"https:\/\/kzprofesional.com\/wp-content\/uploads\/hi-viz.png\" \/>\n\t<meta property=\"og:image:width\" content=\"744\" \/>\n\t<meta property=\"og:image:height\" content=\"746\" \/>\n\t<meta property=\"og:image:type\" content=\"image\/png\" \/>\n<meta name=\"twitter:card\" content=\"summary_large_image\" \/>\n<script type=\"application\/ld+json\" class=\"yoast-schema-graph\">{\"@context\":\"https:\\\/\\\/schema.org\",\"@graph\":[{\"@type\":\"WebPage\",\"@id\":\"https:\\\/\\\/kzprofesional.com\\\/producto\\\/maquina-hi-viz-trimmer-wahl\\\/\",\"url\":\"https:\\\/\\\/kzprofesional.com\\\/producto\\\/maquina-hi-viz-trimmer-wahl\\\/\",\"name\":\"Macchina Hi-Viz\u2122 Trimmer - WAHL - KZ Profesional\",\"isPartOf\":{\"@id\":\"https:\\\/\\\/kzprofesional.com\\\/#website\"},\"primaryImageOfPage\":{\"@id\":\"https:\\\/\\\/kzprofesional.com\\\/producto\\\/maquina-hi-viz-trimmer-wahl\\\/#primaryimage\"},\"image\":{\"@id\":\"https:\\\/\\\/kzprofesional.com\\\/producto\\\/maquina-hi-viz-trimmer-wahl\\\/#primaryimage\"},\"thumbnailUrl\":\"https:\\\/\\\/kzprofesional.com\\\/wp-content\\\/uploads\\\/hi-viz.png\",\"datePublished\":\"2026-04-24T09:21:07+00:00\",\"dateModified\":\"2026-04-27T06:02:07+00:00\",\"description\":\"Creata per barbieri e stilisti che vivono di precisione, la rifinitrice Wahl 5 Star \u00e8 progettata per offrire visibilit\u00e0, controllo e prestazioni impareggiabili.\",\"breadcrumb\":{\"@id\":\"https:\\\/\\\/kzprofesional.com\\\/producto\\\/maquina-hi-viz-trimmer-wahl\\\/#breadcrumb\"},\"inLanguage\":\"it-IT\",\"potentialAction\":[{\"@type\":\"ReadAction\",\"target\":[\"https:\\\/\\\/kzprofesional.com\\\/producto\\\/maquina-hi-viz-trimmer-wahl\\\/\"]}]},{\"@type\":\"ImageObject\",\"inLanguage\":\"it-IT\",\"@id\":\"https:\\\/\\\/kzprofesional.com\\\/producto\\\/maquina-hi-viz-trimmer-wahl\\\/#primaryimage\",\"url\":\"https:\\\/\\\/kzprofesional.com\\\/wp-content\\\/uploads\\\/hi-viz.png\",\"contentUrl\":\"https:\\\/\\\/kzprofesional.com\\\/wp-content\\\/uploads\\\/hi-viz.png\",\"width\":744,\"height\":746},{\"@type\":\"BreadcrumbList\",\"@id\":\"https:\\\/\\\/kzprofesional.com\\\/producto\\\/maquina-hi-viz-trimmer-wahl\\\/#breadcrumb\",\"itemListElement\":[{\"@type\":\"ListItem\",\"position\":1,\"name\":\"Portada\",\"item\":\"https:\\\/\\\/kzprofesional.com\\\/\"},{\"@type\":\"ListItem\",\"position\":2,\"name\":\"Negozio\",\"item\":\"https:\\\/\\\/kzprofesional.com\\\/it\\\/shop\\\/\"},{\"@type\":\"ListItem\",\"position\":3,\"name\":\"Macchina Hi-Viz\u2122 Trimmer &#8211; WAHL\"}]},{\"@type\":\"WebSite\",\"@id\":\"https:\\\/\\\/kzprofesional.com\\\/#website\",\"url\":\"https:\\\/\\\/kzprofesional.com\\\/\",\"name\":\"KZ Profesional\",\"description\":\"\",\"publisher\":{\"@id\":\"https:\\\/\\\/kzprofesional.com\\\/#organization\"},\"potentialAction\":[{\"@type\":\"SearchAction\",\"target\":{\"@type\":\"EntryPoint\",\"urlTemplate\":\"https:\\\/\\\/kzprofesional.com\\\/?s={search_term_string}\"},\"query-input\":{\"@type\":\"PropertyValueSpecification\",\"valueRequired\":true,\"valueName\":\"search_term_string\"}}],\"inLanguage\":\"it-IT\"},{\"@type\":\"Organization\",\"@id\":\"https:\\\/\\\/kzprofesional.com\\\/#organization\",\"name\":\"Imperio Barber Shop\",\"url\":\"https:\\\/\\\/kzprofesional.com\\\/\",\"logo\":{\"@type\":\"ImageObject\",\"inLanguage\":\"it-IT\",\"@id\":\"https:\\\/\\\/kzprofesional.com\\\/#\\\/schema\\\/logo\\\/image\\\/\",\"url\":\"https:\\\/\\\/kzprofesional.com\\\/wp-content\\\/uploads\\\/2021\\\/09\\\/Logo-Imperio-Barber-Shop.png\",\"contentUrl\":\"https:\\\/\\\/kzprofesional.com\\\/wp-content\\\/uploads\\\/2021\\\/09\\\/Logo-Imperio-Barber-Shop.png\",\"width\":128,\"height\":128,\"caption\":\"Imperio Barber Shop\"},\"image\":{\"@id\":\"https:\\\/\\\/kzprofesional.com\\\/#\\\/schema\\\/logo\\\/image\\\/\"}}]}<\/script>\n<!-- \/ Yoast SEO Premium plugin. -->","yoast_head_json":{"title":"Macchina Hi-Viz\u2122 Trimmer - WAHL - KZ Profesional","description":"Creata per barbieri e stilisti che vivono di precisione, la rifinitrice Wahl 5 Star \u00e8 progettata per offrire visibilit\u00e0, controllo e prestazioni impareggiabili.","robots":{"index":"index","follow":"follow","max-snippet":"max-snippet:-1","max-image-preview":"max-image-preview:large","max-video-preview":"max-video-preview:-1"},"canonical":"https:\/\/kzprofesional.com\/producto\/maquina-hi-viz-trimmer-wahl\/","og_locale":"it_IT","og_type":"article","og_title":"Macchina Hi-Viz\u2122 Trimmer - WAHL","og_description":"Creata per barbieri e stilisti che vivono di precisione, la rifinitrice Wahl 5 Star \u00e8 progettata per offrire visibilit\u00e0, controllo e prestazioni impareggiabili.","og_url":"https:\/\/kzprofesional.com\/producto\/maquina-hi-viz-trimmer-wahl\/","og_site_name":"KZ Profesional","article_modified_time":"2026-04-27T06:02:07+00:00","og_image":[{"width":744,"height":746,"url":"https:\/\/kzprofesional.com\/wp-content\/uploads\/hi-viz.png","type":"image\/png"}],"twitter_card":"summary_large_image","schema":{"@context":"https:\/\/schema.org","@graph":[{"@type":"WebPage","@id":"https:\/\/kzprofesional.com\/producto\/maquina-hi-viz-trimmer-wahl\/","url":"https:\/\/kzprofesional.com\/producto\/maquina-hi-viz-trimmer-wahl\/","name":"Macchina Hi-Viz\u2122 Trimmer - WAHL - KZ Profesional","isPartOf":{"@id":"https:\/\/kzprofesional.com\/#website"},"primaryImageOfPage":{"@id":"https:\/\/kzprofesional.com\/producto\/maquina-hi-viz-trimmer-wahl\/#primaryimage"},"image":{"@id":"https:\/\/kzprofesional.com\/producto\/maquina-hi-viz-trimmer-wahl\/#primaryimage"},"thumbnailUrl":"https:\/\/kzprofesional.com\/wp-content\/uploads\/hi-viz.png","datePublished":"2026-04-24T09:21:07+00:00","dateModified":"2026-04-27T06:02:07+00:00","description":"Creata per barbieri e stilisti che vivono di precisione, la rifinitrice Wahl 5 Star \u00e8 progettata per offrire visibilit\u00e0, controllo e prestazioni impareggiabili.","breadcrumb":{"@id":"https:\/\/kzprofesional.com\/producto\/maquina-hi-viz-trimmer-wahl\/#breadcrumb"},"inLanguage":"it-IT","potentialAction":[{"@type":"ReadAction","target":["https:\/\/kzprofesional.com\/producto\/maquina-hi-viz-trimmer-wahl\/"]}]},{"@type":"ImageObject","inLanguage":"it-IT","@id":"https:\/\/kzprofesional.com\/producto\/maquina-hi-viz-trimmer-wahl\/#primaryimage","url":"https:\/\/kzprofesional.com\/wp-content\/uploads\/hi-viz.png","contentUrl":"https:\/\/kzprofesional.com\/wp-content\/uploads\/hi-viz.png","width":744,"height":746},{"@type":"BreadcrumbList","@id":"https:\/\/kzprofesional.com\/producto\/maquina-hi-viz-trimmer-wahl\/#breadcrumb","itemListElement":[{"@type":"ListItem","position":1,"name":"Portada","item":"https:\/\/kzprofesional.com\/"},{"@type":"ListItem","position":2,"name":"Negozio","item":"https:\/\/kzprofesional.com\/it\/shop\/"},{"@type":"ListItem","position":3,"name":"Macchina Hi-Viz\u2122 Trimmer &#8211; WAHL"}]},{"@type":"WebSite","@id":"https:\/\/kzprofesional.com\/#website","url":"https:\/\/kzprofesional.com\/","name":"KZ Profesional","description":"","publisher":{"@id":"https:\/\/kzprofesional.com\/#organization"},"potentialAction":[{"@type":"SearchAction","target":{"@type":"EntryPoint","urlTemplate":"https:\/\/kzprofesional.com\/?s={search_term_string}"},"query-input":{"@type":"PropertyValueSpecification","valueRequired":true,"valueName":"search_term_string"}}],"inLanguage":"it-IT"},{"@type":"Organization","@id":"https:\/\/kzprofesional.com\/#organization","name":"Imperio Barber Shop","url":"https:\/\/kzprofesional.com\/","logo":{"@type":"ImageObject","inLanguage":"it-IT","@id":"https:\/\/kzprofesional.com\/#\/schema\/logo\/image\/","url":"https:\/\/kzprofesional.com\/wp-content\/uploads\/2021\/09\/Logo-Imperio-Barber-Shop.png","contentUrl":"https:\/\/kzprofesional.com\/wp-content\/uploads\/2021\/09\/Logo-Imperio-Barber-Shop.png","width":128,"height":128,"caption":"Imperio Barber Shop"},"image":{"@id":"https:\/\/kzprofesional.com\/#\/schema\/logo\/image\/"}}]}},"_links":{"self":[{"href":"https:\/\/kzprofesional.com\/it\/wp-json\/wp\/v2\/product\/79748","targetHints":{"allow":["GET"]}}],"collection":[{"href":"https:\/\/kzprofesional.com\/it\/wp-json\/wp\/v2\/product"}],"about":[{"href":"https:\/\/kzprofesional.com\/it\/wp-json\/wp\/v2\/types\/product"}],"wp:featuredmedia":[{"embeddable":true,"href":"https:\/\/kzprofesional.com\/it\/wp-json\/wp\/v2\/media\/79749"}],"wp:attachment":[{"href":"https:\/\/kzprofesional.com\/it\/wp-json\/wp\/v2\/media?parent=79748"}],"wp:term":[{"taxonomy":"product_brand","embeddable":true,"href":"https:\/\/kzprofesional.com\/it\/wp-json\/wp\/v2\/product_brand?post=79748"},{"taxonomy":"product_cat","embeddable":true,"href":"https:\/\/kzprofesional.com\/it\/wp-json\/wp\/v2\/product_cat?post=79748"},{"taxonomy":"product_tag","embeddable":true,"href":"https:\/\/kzprofesional.com\/it\/wp-json\/wp\/v2\/product_tag?post=79748"}],"curies":[{"name":"wp","href":"https:\/\/api.w.org\/{rel}","templated":true}]}}