

{"id":79751,"date":"2026-04-24T11:21:07","date_gmt":"2026-04-24T09:21:07","guid":{"rendered":"https:\/\/kzprofesional.com\/maquina-hi-viz-trimmer-wahl\/"},"modified":"2026-04-27T08:02:08","modified_gmt":"2026-04-27T06:02:08","slug":"maquina-hi-viz-trimmer-wahl","status":"publish","type":"product","link":"https:\/\/kzprofesional.com\/pt-pt\/produto\/maquina-hi-viz-trimmer-wahl\/","title":{"rendered":"M\u00e1quina Hi-Viz\u2122 Trimmer &#8211; WAHL"},"content":{"rendered":"<div class=\"product attribute overview\">\n<div class=\"value\">\n<div data-content-type=\"row\" data-appearance=\"contained\" data-element=\"main\">\n<div data-enable-parallax=\"0\" data-parallax-speed=\"0.5\" data-background-images=\"{}\" data-background-type=\"image\" data-video-loop=\"true\" data-video-play-only-visible=\"true\" data-video-lazy-load=\"true\" data-video-fallback-src=\"\" data-element=\"inner\" data-pb-style=\"SW0K5HR\">\n<div data-content-type=\"text\" data-appearance=\"default\" data-element=\"main\">\n<p><strong>DOMINE OS DETALHES COM O TRIMMER WAHL 5 STAR<\/strong><\/p>\n<p>Criada para barbeiros e estilistas que vivem da precis\u00e3o, a aparadora Wahl 5 Star foi concebida para oferecer visibilidade, controlo e desempenho incompar\u00e1veis. Concebida para um acabamento ultrapreciso, contornos limpos no rosto, pesco\u00e7o e \u00e0 volta das orelhas, bem como resultados profissionais e rente em zonas de dif\u00edcil acesso, a aparadora Hi-Viz\u2122 oferece um controlo excecional. O seu design de pesco\u00e7o estreito e a l\u00e2mina em T de alta visibilidade da Wahl garantem que cada linha, contorno e detalhe sejam claros e precisos. Esta aparadora profissional \u00e9 mais do que uma ferramenta: \u00e9 uma extens\u00e3o do seu of\u00edcio.<\/p>\n<p><strong>Caracter\u00edsticas do produto<\/strong>:<\/p>\n<ul>\n<li>O motor com controlo de velocidade adaptativo (at\u00e9 7200 rpm) ajusta-se automaticamente \u00e0 densidade e espessura do cabelo para obter um corte limpo em cada passagem.<\/li>\n<li>135 minutos de autonomia sem fios com apenas 45 minutos de carregamento, para ter energia durante todo o dia.<\/li>\n<li>M\u00faltiples opciones de carga, incluyendo un soporte con contrapeso , un cable de carga de 5V o un USB-C est\u00e1ndar.<\/li>\n<li>Carcasa totalmente met\u00e1lica y bien equilibrada con el dise\u00f1o ComfortCurve\u2122 de Wahl para reducir la fatiga de la mano y ofrecer comodidad durante todo el d\u00eda.<\/li>\n<\/ul>\n<p><strong>Caracter\u00edsticas da l\u00e2mina<\/strong>:<\/p>\n<ul>\n<li>Cuchilla en T ancha Hi-Viz\u2122 exclusiva de Wahl con cuello estrecho para una mayor visibilidad y un control superior.<\/li>\n<li>El recubrimiento de carbono tipo diamante (DLC) mantiene la cuchilla fr\u00eda durante m\u00e1s tiempo y hasta 8 veces m\u00e1s afilada y resistente que las cuchillas de acero inoxidable est\u00e1ndar (probado en laboratorio).<\/li>\n<li>Hi-Viz\u2122 se puede ajustar a 0, lo que permite longitudes de corte ultracortas y l\u00edneas precisas y limpias, incluso en espacios reducidos.<\/li>\n<li>Herramienta profesional adicional incluida para ajustar la cuchilla a la perfecci\u00f3n sin dejar ning\u00fan espacio.<\/li>\n<\/ul>\n<\/div>\n<\/div>\n<\/div>\n<\/div>\n<\/div>\n<div class=\"product-info-stock-sku\">\n<div class=\"product attribute sku\">\n<p><strong class=\"type\">SKU<\/strong><\/p>\n<div class=\"value\">3023702<\/div>\n<\/div>\n<\/div>\n<div class=\"product info detailed\">\n<div class=\"product data items active\" role=\"tablist\" data-collapsible=\"true\">\n<div class=\"data item title\" tabindex=\"0\" role=\"tab\" data-role=\"title\" aria-selected=\"true\" aria-expanded=\"true\">O que vem na caixa<\/div>\n<div class=\"data item content\" role=\"tabpanel\" data-role=\"content\" aria-hidden=\"false\">\n<div data-content-type=\"row\" data-appearance=\"contained\" data-element=\"main\">\n<div data-enable-parallax=\"0\" data-parallax-speed=\"0.5\" data-background-images=\"{}\" data-background-type=\"image\" data-video-loop=\"true\" data-video-play-only-visible=\"true\" data-video-lazy-load=\"true\" data-video-fallback-src=\"\" data-element=\"inner\" data-pb-style=\"U931PUU\">\n<div data-content-type=\"text\" data-appearance=\"default\" data-element=\"main\">\n<ul>\n<li>Suporte de carregamento<\/li>\n<li>Ferramenta de ajuste da l\u00e2mina<\/li>\n<li>Escova de prepara\u00e7\u00e3o para o corte<\/li>\n<li>Escova de limpeza<\/li>\n<li>\u00d3leo para l\u00e2minas<\/li>\n<li>Protetor de l\u00e2mina<\/li>\n<\/ul>\n<\/div>\n<\/div>\n<\/div>\n<\/div>\n<\/div>\n<div class=\"product data items active\" role=\"tablist\" data-collapsible=\"true\">\n<div class=\"data item title\" tabindex=\"0\" role=\"tab\" data-role=\"title\" aria-selected=\"true\" aria-expanded=\"true\"><strong>Especifica\u00e7\u00f5es<\/strong><\/div>\n<div class=\"data item content\" role=\"tabpanel\" data-role=\"content\" aria-hidden=\"false\">\n<div class=\"additional-attributes-wrapper table-wrapper\">\n<table id=\"product-attribute-specs-table\" class=\"data table additional-attributes\">\n<tbody>\n<tr>\n<th class=\"col label\" scope=\"row\">C\u00f3digo de barras do artigo EAN<\/th>\n<td class=\"col data\" data-th=\"Item bar code EAN\">0043917002897<\/td>\n<\/tr>\n<tr>\n<th class=\"col label\" scope=\"row\">Marca FG do artigo<\/th>\n<td class=\"col data\" data-th=\"Item FG Brand\">Wahl<\/td>\n<\/tr>\n<tr>\n<th class=\"col label\" scope=\"row\">Tempo de carregamento<\/th>\n<td class=\"col data\" data-th=\"Charge Time\">45 min<\/td>\n<\/tr>\n<tr>\n<th class=\"col label\" scope=\"row\">Tipo de bateria<\/th>\n<td class=\"col data\" data-th=\"Battery Type\">L\u00edtio<\/td>\n<\/tr>\n<tr>\n<th class=\"col label\" scope=\"row\">Comprimento do cabo<\/th>\n<td class=\"col data\" data-th=\"Cable length\">2.4 m<\/td>\n<\/tr>\n<tr>\n<th class=\"col label\" scope=\"row\">Comprimento de corte<\/th>\n<td class=\"col data\" data-th=\"Cutting Length\">0,4 mm<\/td>\n<\/tr>\n<tr>\n<th class=\"col label\" scope=\"row\">Tipo de pot\u00eancia<\/th>\n<td class=\"col data\" data-th=\"Power Type\">Bateria recarreg\u00e1vel: pode ser utilizada com e sem cabo<\/td>\n<\/tr>\n<tr>\n<th class=\"col label\" scope=\"row\">Largura de corte<\/th>\n<td class=\"col data\" data-th=\"Cutting Width\">40,6 mm<\/td>\n<\/tr>\n<tr>\n<th class=\"col label\" scope=\"row\">Motor\/Accionamiento<\/th>\n<td class=\"col data\" data-th=\"Motor\/Drive\">Motor de DC, 7200 rpm<\/td>\n<\/tr>\n<tr>\n<th class=\"col label\" scope=\"row\">Autonomia<\/th>\n<td class=\"col data\" data-th=\"Run Time\">135 min<\/td>\n<\/tr>\n<tr>\n<th class=\"col label\" scope=\"row\">Voltagem<\/th>\n<td class=\"col data\" data-th=\"Voltage\">100-240V<\/td>\n<\/tr>\n<tr>\n<th class=\"col label\" scope=\"row\">Categoriza\u00e7\u00e3o do produto<\/th>\n<td class=\"col data\" data-th=\"Product Flag\">Mais vendidos<\/td>\n<\/tr>\n<tr>\n<th class=\"col label\" scope=\"row\">Conjunto de l\u00e2minas<\/th>\n<td class=\"col data\" data-th=\"Blade set\">L\u00e2mina Hi-Viz<\/td>\n<\/tr>\n<tr>\n<th class=\"col label\" scope=\"row\">Peso<\/th>\n<td class=\"col data\" data-th=\"Weight\">204 g<\/td>\n<\/tr>\n<\/tbody>\n<\/table>\n<\/div>\n<\/div>\n<\/div>\n<\/div>\n","protected":false},"excerpt":{"rendered":"<p>DOMINE OS DETALHES COM O TRIMMER WAHL 5 STAR Criada para barbeiros e estilistas que vivem da precis\u00e3o, a aparadora Wahl 5 Star foi concebida para oferecer visibilidade, controlo e desempenho incompar\u00e1veis. Concebida para um acabamento ultrapreciso, contornos limpos no rosto, pesco\u00e7o e \u00e0 volta das orelhas, bem como resultados profissionais e rente em zonas &#8230; <a title=\"M\u00e1quina Hi-Viz\u2122 Trimmer &#8211; WAHL\" class=\"read-more\" href=\"https:\/\/kzprofesional.com\/pt-pt\/produto\/maquina-hi-viz-trimmer-wahl\/\" aria-label=\"Leia mais sobre M\u00e1quina Hi-Viz\u2122 Trimmer &#8211; WAHL\">Ler mais<\/a><\/p>\n","protected":false},"featured_media":79752,"template":"","meta":{"_acf_changed":false,"_jet_sm_ready_style":"","_jet_sm_style":"","_jet_sm_controls_values":"","_jet_sm_fonts_collection":"","_jet_sm_fonts_links":""},"product_brand":[],"product_cat":[834,833,818,832],"product_tag":[],"class_list":{"0":"post-79751","1":"product","2":"type-product","3":"status-publish","4":"has-post-thumbnail","6":"product_cat-bateria","7":"product_cat-maquinas-de-cortar-cabelo","8":"product_cat-novidades","9":"product_cat-trimmers-sem-fios","10":"sales-flash-overlay","11":"woocommerce-text-align-center","12":"woocommerce-image-align-center","13":"do-quantity-buttons","15":"first","16":"instock","17":"taxable","18":"shipping-taxable","19":"purchasable","20":"product-type-simple"},"bundled_by":[],"bundle_stock_status":"instock","bundle_stock_quantity":2,"bundle_virtual":false,"bundle_layout":"","bundle_add_to_cart_form_location":"","bundle_editable_in_cart":false,"bundle_sold_individually_context":"","bundle_item_grouping":"","bundle_min_size":"","bundle_max_size":"","bundle_price":[],"bundled_items":[],"bundle_sell_ids":[],"acf":[],"yoast_head":"<!-- This site is optimized with the Yoast SEO Premium plugin v25.9 (Yoast SEO v27.4) - https:\/\/yoast.com\/product\/yoast-seo-premium-wordpress\/ -->\n<title>M\u00e1quina Hi-Viz\u2122 Trimmer - WAHL - KZ Profesional<\/title>\n<meta name=\"description\" content=\"Criada para barbeiros e estilistas que vivem da precis\u00e3o, a aparadora Wahl 5 Star foi concebida para oferecer visibilidade, controlo e desempenho incompar\u00e1veis.\" \/>\n<meta name=\"robots\" content=\"index, follow, max-snippet:-1, max-image-preview:large, max-video-preview:-1\" \/>\n<link rel=\"canonical\" href=\"https:\/\/kzprofesional.com\/producto\/maquina-hi-viz-trimmer-wahl\/\" \/>\n<meta property=\"og:locale\" content=\"pt_PT\" \/>\n<meta property=\"og:type\" content=\"article\" \/>\n<meta property=\"og:title\" content=\"M\u00e1quina Hi-Viz\u2122 Trimmer - WAHL\" \/>\n<meta property=\"og:description\" content=\"Criada para barbeiros e estilistas que vivem da precis\u00e3o, a aparadora Wahl 5 Star foi concebida para oferecer visibilidade, controlo e desempenho incompar\u00e1veis.\" \/>\n<meta property=\"og:url\" content=\"https:\/\/kzprofesional.com\/producto\/maquina-hi-viz-trimmer-wahl\/\" \/>\n<meta property=\"og:site_name\" content=\"KZ Profesional\" \/>\n<meta property=\"article:modified_time\" content=\"2026-04-27T06:02:08+00:00\" \/>\n<meta property=\"og:image\" content=\"https:\/\/kzprofesional.com\/wp-content\/uploads\/hi-viz.png\" \/>\n\t<meta property=\"og:image:width\" content=\"744\" \/>\n\t<meta property=\"og:image:height\" content=\"746\" \/>\n\t<meta property=\"og:image:type\" content=\"image\/png\" \/>\n<meta name=\"twitter:card\" content=\"summary_large_image\" \/>\n<script type=\"application\/ld+json\" class=\"yoast-schema-graph\">{\"@context\":\"https:\\\/\\\/schema.org\",\"@graph\":[{\"@type\":\"WebPage\",\"@id\":\"https:\\\/\\\/kzprofesional.com\\\/producto\\\/maquina-hi-viz-trimmer-wahl\\\/\",\"url\":\"https:\\\/\\\/kzprofesional.com\\\/producto\\\/maquina-hi-viz-trimmer-wahl\\\/\",\"name\":\"M\u00e1quina Hi-Viz\u2122 Trimmer - WAHL - KZ Profesional\",\"isPartOf\":{\"@id\":\"https:\\\/\\\/kzprofesional.com\\\/#website\"},\"primaryImageOfPage\":{\"@id\":\"https:\\\/\\\/kzprofesional.com\\\/producto\\\/maquina-hi-viz-trimmer-wahl\\\/#primaryimage\"},\"image\":{\"@id\":\"https:\\\/\\\/kzprofesional.com\\\/producto\\\/maquina-hi-viz-trimmer-wahl\\\/#primaryimage\"},\"thumbnailUrl\":\"https:\\\/\\\/kzprofesional.com\\\/wp-content\\\/uploads\\\/hi-viz.png\",\"datePublished\":\"2026-04-24T09:21:07+00:00\",\"dateModified\":\"2026-04-27T06:02:08+00:00\",\"description\":\"Criada para barbeiros e estilistas que vivem da precis\u00e3o, a aparadora Wahl 5 Star foi concebida para oferecer visibilidade, controlo e desempenho incompar\u00e1veis.\",\"breadcrumb\":{\"@id\":\"https:\\\/\\\/kzprofesional.com\\\/producto\\\/maquina-hi-viz-trimmer-wahl\\\/#breadcrumb\"},\"inLanguage\":\"pt-PT\",\"potentialAction\":[{\"@type\":\"ReadAction\",\"target\":[\"https:\\\/\\\/kzprofesional.com\\\/producto\\\/maquina-hi-viz-trimmer-wahl\\\/\"]}]},{\"@type\":\"ImageObject\",\"inLanguage\":\"pt-PT\",\"@id\":\"https:\\\/\\\/kzprofesional.com\\\/producto\\\/maquina-hi-viz-trimmer-wahl\\\/#primaryimage\",\"url\":\"https:\\\/\\\/kzprofesional.com\\\/wp-content\\\/uploads\\\/hi-viz.png\",\"contentUrl\":\"https:\\\/\\\/kzprofesional.com\\\/wp-content\\\/uploads\\\/hi-viz.png\",\"width\":744,\"height\":746},{\"@type\":\"BreadcrumbList\",\"@id\":\"https:\\\/\\\/kzprofesional.com\\\/producto\\\/maquina-hi-viz-trimmer-wahl\\\/#breadcrumb\",\"itemListElement\":[{\"@type\":\"ListItem\",\"position\":1,\"name\":\"Portada\",\"item\":\"https:\\\/\\\/kzprofesional.com\\\/\"},{\"@type\":\"ListItem\",\"position\":2,\"name\":\"Loja\",\"item\":\"https:\\\/\\\/kzprofesional.com\\\/pt-pt\\\/loja\\\/\"},{\"@type\":\"ListItem\",\"position\":3,\"name\":\"M\u00e1quina Hi-Viz\u2122 Trimmer &#8211; WAHL\"}]},{\"@type\":\"WebSite\",\"@id\":\"https:\\\/\\\/kzprofesional.com\\\/#website\",\"url\":\"https:\\\/\\\/kzprofesional.com\\\/\",\"name\":\"KZ Profesional\",\"description\":\"\",\"publisher\":{\"@id\":\"https:\\\/\\\/kzprofesional.com\\\/#organization\"},\"potentialAction\":[{\"@type\":\"SearchAction\",\"target\":{\"@type\":\"EntryPoint\",\"urlTemplate\":\"https:\\\/\\\/kzprofesional.com\\\/?s={search_term_string}\"},\"query-input\":{\"@type\":\"PropertyValueSpecification\",\"valueRequired\":true,\"valueName\":\"search_term_string\"}}],\"inLanguage\":\"pt-PT\"},{\"@type\":\"Organization\",\"@id\":\"https:\\\/\\\/kzprofesional.com\\\/#organization\",\"name\":\"Imperio Barber Shop\",\"url\":\"https:\\\/\\\/kzprofesional.com\\\/\",\"logo\":{\"@type\":\"ImageObject\",\"inLanguage\":\"pt-PT\",\"@id\":\"https:\\\/\\\/kzprofesional.com\\\/#\\\/schema\\\/logo\\\/image\\\/\",\"url\":\"https:\\\/\\\/kzprofesional.com\\\/wp-content\\\/uploads\\\/2021\\\/09\\\/Logo-Imperio-Barber-Shop.png\",\"contentUrl\":\"https:\\\/\\\/kzprofesional.com\\\/wp-content\\\/uploads\\\/2021\\\/09\\\/Logo-Imperio-Barber-Shop.png\",\"width\":128,\"height\":128,\"caption\":\"Imperio Barber Shop\"},\"image\":{\"@id\":\"https:\\\/\\\/kzprofesional.com\\\/#\\\/schema\\\/logo\\\/image\\\/\"}}]}<\/script>\n<!-- \/ Yoast SEO Premium plugin. -->","yoast_head_json":{"title":"M\u00e1quina Hi-Viz\u2122 Trimmer - WAHL - KZ Profesional","description":"Criada para barbeiros e estilistas que vivem da precis\u00e3o, a aparadora Wahl 5 Star foi concebida para oferecer visibilidade, controlo e desempenho incompar\u00e1veis.","robots":{"index":"index","follow":"follow","max-snippet":"max-snippet:-1","max-image-preview":"max-image-preview:large","max-video-preview":"max-video-preview:-1"},"canonical":"https:\/\/kzprofesional.com\/producto\/maquina-hi-viz-trimmer-wahl\/","og_locale":"pt_PT","og_type":"article","og_title":"M\u00e1quina Hi-Viz\u2122 Trimmer - WAHL","og_description":"Criada para barbeiros e estilistas que vivem da precis\u00e3o, a aparadora Wahl 5 Star foi concebida para oferecer visibilidade, controlo e desempenho incompar\u00e1veis.","og_url":"https:\/\/kzprofesional.com\/producto\/maquina-hi-viz-trimmer-wahl\/","og_site_name":"KZ Profesional","article_modified_time":"2026-04-27T06:02:08+00:00","og_image":[{"width":744,"height":746,"url":"https:\/\/kzprofesional.com\/wp-content\/uploads\/hi-viz.png","type":"image\/png"}],"twitter_card":"summary_large_image","schema":{"@context":"https:\/\/schema.org","@graph":[{"@type":"WebPage","@id":"https:\/\/kzprofesional.com\/producto\/maquina-hi-viz-trimmer-wahl\/","url":"https:\/\/kzprofesional.com\/producto\/maquina-hi-viz-trimmer-wahl\/","name":"M\u00e1quina Hi-Viz\u2122 Trimmer - WAHL - KZ Profesional","isPartOf":{"@id":"https:\/\/kzprofesional.com\/#website"},"primaryImageOfPage":{"@id":"https:\/\/kzprofesional.com\/producto\/maquina-hi-viz-trimmer-wahl\/#primaryimage"},"image":{"@id":"https:\/\/kzprofesional.com\/producto\/maquina-hi-viz-trimmer-wahl\/#primaryimage"},"thumbnailUrl":"https:\/\/kzprofesional.com\/wp-content\/uploads\/hi-viz.png","datePublished":"2026-04-24T09:21:07+00:00","dateModified":"2026-04-27T06:02:08+00:00","description":"Criada para barbeiros e estilistas que vivem da precis\u00e3o, a aparadora Wahl 5 Star foi concebida para oferecer visibilidade, controlo e desempenho incompar\u00e1veis.","breadcrumb":{"@id":"https:\/\/kzprofesional.com\/producto\/maquina-hi-viz-trimmer-wahl\/#breadcrumb"},"inLanguage":"pt-PT","potentialAction":[{"@type":"ReadAction","target":["https:\/\/kzprofesional.com\/producto\/maquina-hi-viz-trimmer-wahl\/"]}]},{"@type":"ImageObject","inLanguage":"pt-PT","@id":"https:\/\/kzprofesional.com\/producto\/maquina-hi-viz-trimmer-wahl\/#primaryimage","url":"https:\/\/kzprofesional.com\/wp-content\/uploads\/hi-viz.png","contentUrl":"https:\/\/kzprofesional.com\/wp-content\/uploads\/hi-viz.png","width":744,"height":746},{"@type":"BreadcrumbList","@id":"https:\/\/kzprofesional.com\/producto\/maquina-hi-viz-trimmer-wahl\/#breadcrumb","itemListElement":[{"@type":"ListItem","position":1,"name":"Portada","item":"https:\/\/kzprofesional.com\/"},{"@type":"ListItem","position":2,"name":"Loja","item":"https:\/\/kzprofesional.com\/pt-pt\/loja\/"},{"@type":"ListItem","position":3,"name":"M\u00e1quina Hi-Viz\u2122 Trimmer &#8211; WAHL"}]},{"@type":"WebSite","@id":"https:\/\/kzprofesional.com\/#website","url":"https:\/\/kzprofesional.com\/","name":"KZ Profesional","description":"","publisher":{"@id":"https:\/\/kzprofesional.com\/#organization"},"potentialAction":[{"@type":"SearchAction","target":{"@type":"EntryPoint","urlTemplate":"https:\/\/kzprofesional.com\/?s={search_term_string}"},"query-input":{"@type":"PropertyValueSpecification","valueRequired":true,"valueName":"search_term_string"}}],"inLanguage":"pt-PT"},{"@type":"Organization","@id":"https:\/\/kzprofesional.com\/#organization","name":"Imperio Barber Shop","url":"https:\/\/kzprofesional.com\/","logo":{"@type":"ImageObject","inLanguage":"pt-PT","@id":"https:\/\/kzprofesional.com\/#\/schema\/logo\/image\/","url":"https:\/\/kzprofesional.com\/wp-content\/uploads\/2021\/09\/Logo-Imperio-Barber-Shop.png","contentUrl":"https:\/\/kzprofesional.com\/wp-content\/uploads\/2021\/09\/Logo-Imperio-Barber-Shop.png","width":128,"height":128,"caption":"Imperio Barber Shop"},"image":{"@id":"https:\/\/kzprofesional.com\/#\/schema\/logo\/image\/"}}]}},"_links":{"self":[{"href":"https:\/\/kzprofesional.com\/pt-pt\/wp-json\/wp\/v2\/product\/79751","targetHints":{"allow":["GET"]}}],"collection":[{"href":"https:\/\/kzprofesional.com\/pt-pt\/wp-json\/wp\/v2\/product"}],"about":[{"href":"https:\/\/kzprofesional.com\/pt-pt\/wp-json\/wp\/v2\/types\/product"}],"wp:featuredmedia":[{"embeddable":true,"href":"https:\/\/kzprofesional.com\/pt-pt\/wp-json\/wp\/v2\/media\/79752"}],"wp:attachment":[{"href":"https:\/\/kzprofesional.com\/pt-pt\/wp-json\/wp\/v2\/media?parent=79751"}],"wp:term":[{"taxonomy":"product_brand","embeddable":true,"href":"https:\/\/kzprofesional.com\/pt-pt\/wp-json\/wp\/v2\/product_brand?post=79751"},{"taxonomy":"product_cat","embeddable":true,"href":"https:\/\/kzprofesional.com\/pt-pt\/wp-json\/wp\/v2\/product_cat?post=79751"},{"taxonomy":"product_tag","embeddable":true,"href":"https:\/\/kzprofesional.com\/pt-pt\/wp-json\/wp\/v2\/product_tag?post=79751"}],"curies":[{"name":"wp","href":"https:\/\/api.w.org\/{rel}","templated":true}]}}