

{"id":80424,"date":"2026-04-22T08:36:54","date_gmt":"2026-04-22T06:36:54","guid":{"rendered":"https:\/\/kzprofesional.com\/clipper-senior-2-0-wahl\/"},"modified":"2026-04-22T08:36:54","modified_gmt":"2026-04-22T06:36:54","slug":"clipper-senior-2-0-wahl","status":"publish","type":"product","link":"https:\/\/kzprofesional.com\/pt-pt\/produto\/clipper-senior-2-0-wahl\/","title":{"rendered":"Clipper Senior 2.0 &#8211; WAHL"},"content":{"rendered":"<p><strong>UMA M\u00c1QUINA CORTAR CABELO BASEADA NUMA LONGA TRADI\u00c7\u00c3O E PREPARADA PARA O FUTURO<\/strong><\/p>\n<p>Concebida para o barbeiro moderno, la m\u00e1quina de cortar cabelo a bateria Wahl Senior\u00ae 2.0 ofrece un desempenho potente e tecnologia avan\u00e7ada. Cuenta con un<strong>\u00a0potente motor<\/strong>,\u00a0<strong>um design de l\u00e2minas melhorado<\/strong>, una\u00a0<strong>palanca \u00fanica<\/strong>\u00a0y\u00a0<strong>una<\/strong>\u00a0llamativa iluminaci\u00f3n. El resultado es maior pot\u00eancia, precis\u00e3o e versatilidade: concebida para oferecer desempenho de topo sempre que a utilizar.<\/p>\n<ul>\n<li id=\"OHF24CP\"><strong>Alavanca de mudan\u00e7a r\u00e1pida com clique ou sem clique &#8211; Ajuste sem ferramentas:<\/strong>\u00a0la m\u00e1quina de cortar cabelo profissional Wahl Senior\u00ae 2.0 cuenta con una palanca<strong>\u00a0(pendiente de patente) que\u00a0<\/strong>permite a los cabeleireiros\u00a0<strong>cambiar f\u00e1cilmente entre 5 posiciones fijas o palanca libre para un control suave y continuo<\/strong>. No se necesitan herramientas: solo tienes que levantar y cambiar.<\/li>\n<li><strong>Maior pot\u00eancia e desempenho de corte avan\u00e7ado<\/strong><strong>:<\/strong>\u00a0unmotor sem escovas de 8000 rpm con<strong>control de velocidad adaptativo<\/strong><strong>se ajusta<\/strong>\u00a0autom\u00e1ticamente\u00a0<strong data-wg-splitted=\"\">a los diferentes tipos de cabelo<\/strong>, lo que permite un corte\u00a0<strong>suave con menos pasadas<\/strong>.<\/li>\n<li><strong>Ergonomia equilibrada<\/strong><strong>: la\u00a0<\/strong>resistente carcasa de la Wahl Senior\u00ae 2.0 est\u00e1 cuidadosamente equilibrada y cuenta con ranuras patentadas que\u00a0<strong>mejoran el agarre, el control y la comodidad\u00a0<\/strong>durante su uso.<\/li>\n<li><strong>Corte sem aquecimento, afia\u00e7\u00e3o mais duradoura:\u00a0<\/strong>las l\u00e2minas de acerocon altura contenido en carbono, con\u00a0<strong>revestimentos chrome PVD y DLC<\/strong>,\u00a0garantizan un rendimiento de corte constante. Las l\u00e2minas se mantienen\u00a0<strong>m\u00e1s fr\u00edas y afiladas durante m\u00e1s tiempo<\/strong>.<\/li>\n<li><strong>Pronta quando precisar:\u00a0<\/strong>conat\u00e9\u00a0<strong>2,5 horas de autonomia sin cable<\/strong>, la Wahl Senior\u00ae 2.0 est\u00e1 concebida para barbeiros con mucho trabajo. Esta m\u00e1quina de cortar cabelo profissional se carga con la<strong>\u00a0Single Power Station incluida<\/strong>\u00a0y tambi\u00e9n es compatible con la carga USB-C.<\/li>\n<\/ul>\n<div class=\"data item title\" tabindex=\"0\" role=\"tab\" data-role=\"title\" aria-selected=\"true\" aria-expanded=\"true\"><strong>O que est\u00e1 na caixa<\/strong><\/div>\n<div class=\"data item content\" role=\"tabpanel\" data-role=\"content\" aria-hidden=\"false\">\n<div data-content-type=\"row\" data-appearance=\"contained\" data-element=\"main\">\n<div data-enable-parallax=\"0\" data-parallax-speed=\"0.5\" data-background-images=\"{}\" data-background-type=\"image\" data-video-loop=\"true\" data-video-play-only-visible=\"true\" data-video-lazy-load=\"true\" data-video-fallback-src=\"\" data-element=\"inner\" data-pb-style=\"AL0Y0K0\">\n<div data-content-type=\"text\" data-appearance=\"default\" data-element=\"main\">\n<ul>\n<li>Base de carregamento Single Power Station<\/li>\n<li>7 pentes de corte de alta calidad pentes de corte 1,5 | 3 | 4,5 | 6 | 10 | 13 | 16 mm)<\/li>\n<li>Cable de carga de 5 V<\/li>\n<li>\u00d3leo para l\u00e2minas y escova de limpeza<\/li>\n<li>Protector de l\u00e2mina rojo<\/li>\n<li>Peine blanco<\/li>\n<\/ul>\n<div class=\"data item title\" tabindex=\"0\" role=\"tab\" data-role=\"title\" aria-selected=\"true\" aria-expanded=\"true\"><strong>Especifica\u00e7\u00f5es<\/strong><\/div>\n<div class=\"data item content\" role=\"tabpanel\" data-role=\"content\" aria-hidden=\"false\">\n<div class=\"additional-attributes-wrapper table-wrapper\">\n<table id=\"product-attribute-specs-table\" class=\"data table additional-attributes\">\n<tbody>\n<tr>\n<th class=\"col label\" scope=\"row\">Art\u00edculo Marca FG<\/th>\n<td class=\"col data\" data-th=\"Item FG Brand\">Wahl<\/td>\n<\/tr>\n<tr>\n<th class=\"col label\" scope=\"row\">Tempo de carregamento<\/th>\n<td class=\"col data\" data-th=\"Charge Time\">75 min<\/td>\n<\/tr>\n<tr>\n<th class=\"col label\" scope=\"row\">Tipo de bateria<\/th>\n<td class=\"col data\" data-th=\"Battery Type\">L\u00edtio<\/td>\n<\/tr>\n<tr>\n<th class=\"col label\" scope=\"row\">Carregamento r\u00e1pido<\/th>\n<td class=\"col data\" data-th=\"Quick Charge\">10 minutos de carregamento = 20 minutos de autonomia<\/td>\n<\/tr>\n<tr>\n<th class=\"col label\" scope=\"row\">pentes<\/th>\n<td class=\"col data\" data-th=\"Comb attachments\">7 guias de corte Premium<\/td>\n<\/tr>\n<tr>\n<th class=\"col label\" scope=\"row\">Tipo de l\u00e2mina<\/th>\n<td class=\"col data\" data-th=\"Blade Type\">Versi\u00f3n 2.0<\/td>\n<\/tr>\n<tr>\n<th class=\"col label\" scope=\"row\">Comprimento de corte<\/th>\n<td class=\"col data\" data-th=\"Cutting Length\">0,7-1,5 mm<\/td>\n<\/tr>\n<tr>\n<th class=\"col label\" scope=\"row\">Tipo de alimenta\u00e7\u00e3o<\/th>\n<td class=\"col data\" data-th=\"Power Type\">Recarreg\u00e1vel com\/sem cabo<\/td>\n<\/tr>\n<tr>\n<th class=\"col label\" scope=\"row\">Motor\/Accionamiento<\/th>\n<td class=\"col data\" data-th=\"Motor\/Drive\">rotativo sem escovas, 8000 rpm<\/td>\n<\/tr>\n<tr>\n<th class=\"col label\" scope=\"row\">Autonomia<\/th>\n<td class=\"col data\" data-th=\"Run Time\">At\u00e9 2,5 horas<\/td>\n<\/tr>\n<tr>\n<th class=\"col label\" scope=\"row\">Categoriza\u00e7\u00e3o do produto<\/th>\n<td class=\"col data\" data-th=\"Product Flag\">Novo<\/td>\n<\/tr>\n<tr>\n<th class=\"col label\" scope=\"row\">Peso<\/th>\n<td class=\"col data\" data-th=\"Weight\">377 g<\/td>\n<\/tr>\n<\/tbody>\n<\/table>\n<\/div>\n<\/div>\n<\/div>\n<\/div>\n<\/div>\n<\/div>\n","protected":false},"excerpt":{"rendered":"<p>Personalize o seu equipamento com as nossas m\u00e1quinas das marcas l\u00edderes no setor de barbearia e cabeleireiro!<br \/>\nPrazo de entrega entre 1 e 15 dias.<br \/>\nGarantia de 1 ano para profissionais e empresas. 3 anos para consumidores particulares.<\/p>\n","protected":false},"featured_media":80425,"template":"","meta":{"_acf_changed":false,"_jet_sm_ready_style":"","_jet_sm_style":"","_jet_sm_controls_values":"","_jet_sm_fonts_collection":"","_jet_sm_fonts_links":""},"product_brand":[],"product_cat":[769,818],"product_tag":[],"class_list":{"0":"post-80424","1":"product","2":"type-product","3":"status-publish","4":"has-post-thumbnail","6":"product_cat-clippers-sem-fios","7":"product_cat-novidades","8":"sales-flash-overlay","9":"woocommerce-text-align-center","10":"woocommerce-image-align-center","11":"do-quantity-buttons","13":"first","14":"instock","15":"taxable","16":"shipping-taxable","17":"purchasable","18":"product-type-simple"},"bundled_by":[],"bundle_stock_status":"instock","bundle_stock_quantity":12,"bundle_virtual":false,"bundle_layout":"","bundle_add_to_cart_form_location":"","bundle_editable_in_cart":false,"bundle_sold_individually_context":"","bundle_item_grouping":"","bundle_min_size":"","bundle_max_size":"","bundle_price":[],"bundled_items":[],"bundle_sell_ids":[],"acf":[],"yoast_head":"<!-- This site is optimized with the Yoast SEO Premium plugin v25.9 (Yoast SEO v27.4) - https:\/\/yoast.com\/product\/yoast-seo-premium-wordpress\/ -->\n<title>Clipper Senior 2.0 - WAHL - KZ Profesional<\/title>\n<meta name=\"robots\" content=\"index, follow, max-snippet:-1, max-image-preview:large, max-video-preview:-1\" \/>\n<link rel=\"canonical\" href=\"https:\/\/kzprofesional.com\/producto\/maquina-clipper-senior-2-0-wahl\/\" \/>\n<meta property=\"og:locale\" content=\"pt_PT\" \/>\n<meta property=\"og:type\" content=\"article\" \/>\n<meta property=\"og:title\" content=\"Clipper Senior 2.0 - WAHL\" \/>\n<meta property=\"og:description\" content=\"Personalize o seu equipamento com as nossas m\u00e1quinas das marcas l\u00edderes no setor de barbearia e cabeleireiro! Prazo de entrega entre 1 e 15 dias. Garantia de 1 ano para profissionais e empresas. 3 anos para consumidores particulares.\" \/>\n<meta property=\"og:url\" content=\"https:\/\/kzprofesional.com\/producto\/maquina-clipper-senior-2-0-wahl\/\" \/>\n<meta property=\"og:site_name\" content=\"KZ Profesional\" \/>\n<meta property=\"og:image\" content=\"https:\/\/kzprofesional.com\/wp-content\/uploads\/Captura-de-pantalla-2026-04-21-164442.png\" \/>\n\t<meta property=\"og:image:width\" content=\"748\" \/>\n\t<meta property=\"og:image:height\" content=\"746\" \/>\n\t<meta property=\"og:image:type\" content=\"image\/png\" \/>\n<meta name=\"twitter:card\" content=\"summary_large_image\" \/>\n<script type=\"application\/ld+json\" class=\"yoast-schema-graph\">{\"@context\":\"https:\\\/\\\/schema.org\",\"@graph\":[{\"@type\":\"WebPage\",\"@id\":\"https:\\\/\\\/kzprofesional.com\\\/producto\\\/maquina-clipper-senior-2-0-wahl\\\/\",\"url\":\"https:\\\/\\\/kzprofesional.com\\\/producto\\\/maquina-clipper-senior-2-0-wahl\\\/\",\"name\":\"Clipper Senior 2.0 - WAHL - KZ Profesional\",\"isPartOf\":{\"@id\":\"https:\\\/\\\/kzprofesional.com\\\/#website\"},\"primaryImageOfPage\":{\"@id\":\"https:\\\/\\\/kzprofesional.com\\\/producto\\\/maquina-clipper-senior-2-0-wahl\\\/#primaryimage\"},\"image\":{\"@id\":\"https:\\\/\\\/kzprofesional.com\\\/producto\\\/maquina-clipper-senior-2-0-wahl\\\/#primaryimage\"},\"thumbnailUrl\":\"https:\\\/\\\/kzprofesional.com\\\/wp-content\\\/uploads\\\/Captura-de-pantalla-2026-04-21-164442.png\",\"datePublished\":\"2026-04-22T06:36:54+00:00\",\"breadcrumb\":{\"@id\":\"https:\\\/\\\/kzprofesional.com\\\/producto\\\/maquina-clipper-senior-2-0-wahl\\\/#breadcrumb\"},\"inLanguage\":\"pt-PT\",\"potentialAction\":[{\"@type\":\"ReadAction\",\"target\":[\"https:\\\/\\\/kzprofesional.com\\\/producto\\\/maquina-clipper-senior-2-0-wahl\\\/\"]}]},{\"@type\":\"ImageObject\",\"inLanguage\":\"pt-PT\",\"@id\":\"https:\\\/\\\/kzprofesional.com\\\/producto\\\/maquina-clipper-senior-2-0-wahl\\\/#primaryimage\",\"url\":\"https:\\\/\\\/kzprofesional.com\\\/wp-content\\\/uploads\\\/Captura-de-pantalla-2026-04-21-164442.png\",\"contentUrl\":\"https:\\\/\\\/kzprofesional.com\\\/wp-content\\\/uploads\\\/Captura-de-pantalla-2026-04-21-164442.png\",\"width\":748,\"height\":746},{\"@type\":\"BreadcrumbList\",\"@id\":\"https:\\\/\\\/kzprofesional.com\\\/producto\\\/maquina-clipper-senior-2-0-wahl\\\/#breadcrumb\",\"itemListElement\":[{\"@type\":\"ListItem\",\"position\":1,\"name\":\"Portada\",\"item\":\"https:\\\/\\\/kzprofesional.com\\\/\"},{\"@type\":\"ListItem\",\"position\":2,\"name\":\"Loja\",\"item\":\"https:\\\/\\\/kzprofesional.com\\\/pt-pt\\\/loja\\\/\"},{\"@type\":\"ListItem\",\"position\":3,\"name\":\"Clipper Senior 2.0 &#8211; WAHL\"}]},{\"@type\":\"WebSite\",\"@id\":\"https:\\\/\\\/kzprofesional.com\\\/#website\",\"url\":\"https:\\\/\\\/kzprofesional.com\\\/\",\"name\":\"KZ Profesional\",\"description\":\"\",\"publisher\":{\"@id\":\"https:\\\/\\\/kzprofesional.com\\\/#organization\"},\"potentialAction\":[{\"@type\":\"SearchAction\",\"target\":{\"@type\":\"EntryPoint\",\"urlTemplate\":\"https:\\\/\\\/kzprofesional.com\\\/?s={search_term_string}\"},\"query-input\":{\"@type\":\"PropertyValueSpecification\",\"valueRequired\":true,\"valueName\":\"search_term_string\"}}],\"inLanguage\":\"pt-PT\"},{\"@type\":\"Organization\",\"@id\":\"https:\\\/\\\/kzprofesional.com\\\/#organization\",\"name\":\"Imperio Barber Shop\",\"url\":\"https:\\\/\\\/kzprofesional.com\\\/\",\"logo\":{\"@type\":\"ImageObject\",\"inLanguage\":\"pt-PT\",\"@id\":\"https:\\\/\\\/kzprofesional.com\\\/#\\\/schema\\\/logo\\\/image\\\/\",\"url\":\"https:\\\/\\\/kzprofesional.com\\\/wp-content\\\/uploads\\\/2021\\\/09\\\/Logo-Imperio-Barber-Shop.png\",\"contentUrl\":\"https:\\\/\\\/kzprofesional.com\\\/wp-content\\\/uploads\\\/2021\\\/09\\\/Logo-Imperio-Barber-Shop.png\",\"width\":128,\"height\":128,\"caption\":\"Imperio Barber Shop\"},\"image\":{\"@id\":\"https:\\\/\\\/kzprofesional.com\\\/#\\\/schema\\\/logo\\\/image\\\/\"}}]}<\/script>\n<!-- \/ Yoast SEO Premium plugin. -->","yoast_head_json":{"title":"Clipper Senior 2.0 - WAHL - KZ Profesional","robots":{"index":"index","follow":"follow","max-snippet":"max-snippet:-1","max-image-preview":"max-image-preview:large","max-video-preview":"max-video-preview:-1"},"canonical":"https:\/\/kzprofesional.com\/producto\/maquina-clipper-senior-2-0-wahl\/","og_locale":"pt_PT","og_type":"article","og_title":"Clipper Senior 2.0 - WAHL","og_description":"Personalize o seu equipamento com as nossas m\u00e1quinas das marcas l\u00edderes no setor de barbearia e cabeleireiro! Prazo de entrega entre 1 e 15 dias. Garantia de 1 ano para profissionais e empresas. 3 anos para consumidores particulares.","og_url":"https:\/\/kzprofesional.com\/producto\/maquina-clipper-senior-2-0-wahl\/","og_site_name":"KZ Profesional","og_image":[{"width":748,"height":746,"url":"https:\/\/kzprofesional.com\/wp-content\/uploads\/Captura-de-pantalla-2026-04-21-164442.png","type":"image\/png"}],"twitter_card":"summary_large_image","schema":{"@context":"https:\/\/schema.org","@graph":[{"@type":"WebPage","@id":"https:\/\/kzprofesional.com\/producto\/maquina-clipper-senior-2-0-wahl\/","url":"https:\/\/kzprofesional.com\/producto\/maquina-clipper-senior-2-0-wahl\/","name":"Clipper Senior 2.0 - WAHL - KZ Profesional","isPartOf":{"@id":"https:\/\/kzprofesional.com\/#website"},"primaryImageOfPage":{"@id":"https:\/\/kzprofesional.com\/producto\/maquina-clipper-senior-2-0-wahl\/#primaryimage"},"image":{"@id":"https:\/\/kzprofesional.com\/producto\/maquina-clipper-senior-2-0-wahl\/#primaryimage"},"thumbnailUrl":"https:\/\/kzprofesional.com\/wp-content\/uploads\/Captura-de-pantalla-2026-04-21-164442.png","datePublished":"2026-04-22T06:36:54+00:00","breadcrumb":{"@id":"https:\/\/kzprofesional.com\/producto\/maquina-clipper-senior-2-0-wahl\/#breadcrumb"},"inLanguage":"pt-PT","potentialAction":[{"@type":"ReadAction","target":["https:\/\/kzprofesional.com\/producto\/maquina-clipper-senior-2-0-wahl\/"]}]},{"@type":"ImageObject","inLanguage":"pt-PT","@id":"https:\/\/kzprofesional.com\/producto\/maquina-clipper-senior-2-0-wahl\/#primaryimage","url":"https:\/\/kzprofesional.com\/wp-content\/uploads\/Captura-de-pantalla-2026-04-21-164442.png","contentUrl":"https:\/\/kzprofesional.com\/wp-content\/uploads\/Captura-de-pantalla-2026-04-21-164442.png","width":748,"height":746},{"@type":"BreadcrumbList","@id":"https:\/\/kzprofesional.com\/producto\/maquina-clipper-senior-2-0-wahl\/#breadcrumb","itemListElement":[{"@type":"ListItem","position":1,"name":"Portada","item":"https:\/\/kzprofesional.com\/"},{"@type":"ListItem","position":2,"name":"Loja","item":"https:\/\/kzprofesional.com\/pt-pt\/loja\/"},{"@type":"ListItem","position":3,"name":"Clipper Senior 2.0 &#8211; WAHL"}]},{"@type":"WebSite","@id":"https:\/\/kzprofesional.com\/#website","url":"https:\/\/kzprofesional.com\/","name":"KZ Profesional","description":"","publisher":{"@id":"https:\/\/kzprofesional.com\/#organization"},"potentialAction":[{"@type":"SearchAction","target":{"@type":"EntryPoint","urlTemplate":"https:\/\/kzprofesional.com\/?s={search_term_string}"},"query-input":{"@type":"PropertyValueSpecification","valueRequired":true,"valueName":"search_term_string"}}],"inLanguage":"pt-PT"},{"@type":"Organization","@id":"https:\/\/kzprofesional.com\/#organization","name":"Imperio Barber Shop","url":"https:\/\/kzprofesional.com\/","logo":{"@type":"ImageObject","inLanguage":"pt-PT","@id":"https:\/\/kzprofesional.com\/#\/schema\/logo\/image\/","url":"https:\/\/kzprofesional.com\/wp-content\/uploads\/2021\/09\/Logo-Imperio-Barber-Shop.png","contentUrl":"https:\/\/kzprofesional.com\/wp-content\/uploads\/2021\/09\/Logo-Imperio-Barber-Shop.png","width":128,"height":128,"caption":"Imperio Barber Shop"},"image":{"@id":"https:\/\/kzprofesional.com\/#\/schema\/logo\/image\/"}}]}},"_links":{"self":[{"href":"https:\/\/kzprofesional.com\/pt-pt\/wp-json\/wp\/v2\/product\/80424","targetHints":{"allow":["GET"]}}],"collection":[{"href":"https:\/\/kzprofesional.com\/pt-pt\/wp-json\/wp\/v2\/product"}],"about":[{"href":"https:\/\/kzprofesional.com\/pt-pt\/wp-json\/wp\/v2\/types\/product"}],"wp:featuredmedia":[{"embeddable":true,"href":"https:\/\/kzprofesional.com\/pt-pt\/wp-json\/wp\/v2\/media\/80425"}],"wp:attachment":[{"href":"https:\/\/kzprofesional.com\/pt-pt\/wp-json\/wp\/v2\/media?parent=80424"}],"wp:term":[{"taxonomy":"product_brand","embeddable":true,"href":"https:\/\/kzprofesional.com\/pt-pt\/wp-json\/wp\/v2\/product_brand?post=80424"},{"taxonomy":"product_cat","embeddable":true,"href":"https:\/\/kzprofesional.com\/pt-pt\/wp-json\/wp\/v2\/product_cat?post=80424"},{"taxonomy":"product_tag","embeddable":true,"href":"https:\/\/kzprofesional.com\/pt-pt\/wp-json\/wp\/v2\/product_tag?post=80424"}],"curies":[{"name":"wp","href":"https:\/\/api.w.org\/{rel}","templated":true}]}}