

{"id":80524,"date":"1970-01-01T00:00:00","date_gmt":"1969-12-31T23:00:00","guid":{"rendered":"https:\/\/kzprofesional.com\/cadeira-de-barbeiro-dominus-f\/"},"modified":"2026-04-27T08:36:47","modified_gmt":"2026-04-27T06:36:47","slug":"cadeira-de-barbeiro-dominus-f","status":"publish","type":"product","link":"https:\/\/kzprofesional.com\/pt-pt\/produto\/cadeira-de-barbeiro-dominus-f\/","title":{"rendered":"Cadeira de barbeiro DOMINUS &#8211; F"},"content":{"rendered":"<div class=\"portfolio-meta-details \">\n<div class=\"thememount-portfolio-details\">\n<h2 class=\"tm-pf-title-details\">Informa\u00e7\u00e3o<\/h2>\n<ul class=\"thememount-portfolio-details-list\">\n<li class=\"tm-pf-details-line1\"><span class=\"tm-pf-left-details\"><i class=\"fa fa-barcode\"><\/i>Ref: <\/span><span class=\"tm-pf-right-details\">2120.3<\/span><\/li>\n<li class=\"tm-pf-details-line2\"><span class=\"tm-pf-left-details\"><i class=\"fa fa-arrows-h\"><\/i>Largura: <\/span><span class=\"tm-pf-right-details\">680 mm<\/span><\/li>\n<li class=\"tm-pf-details-line3\"><span class=\"tm-pf-left-details\"><i class=\"fa fa-arrows-v\"><\/i>Altura: <\/span><span class=\"tm-pf-right-details\">1160 mm<\/span><\/li>\n<li class=\"tm-pf-details-line4\"><span class=\"tm-pf-left-details\"><i class=\"fa fa-arrows\"><\/i>Profundidade: <\/span><span class=\"tm-pf-right-details\">1100 mm<\/span><\/li>\n<\/ul>\n<\/div>\n<\/div>\n<div class=\"portfolio-description \">\n<h2 class=\"tm-pf-description-title\">Descri\u00e7\u00e3o<\/h2>\n<div id=\"sidebar-inner\">\n<p><img fetchpriority=\"high\" decoding=\"async\" class=\"alignnone size-medium wp-image-27869\" src=\"http:\/\/fersanmobiliario.com\/wp-content\/uploads\/DOMINUS-ESTIRAT-300x204.jpg\" sizes=\"(max-width: 300px) 100vw, 300px\" srcset=\"https:\/\/fersanmobiliario.com\/wp-content\/uploads\/DOMINUS-ESTIRAT-300x204.jpg 300w, https:\/\/fersanmobiliario.com\/wp-content\/uploads\/DOMINUS-ESTIRAT-768x523.jpg 768w, https:\/\/fersanmobiliario.com\/wp-content\/uploads\/DOMINUS-ESTIRAT-1024x698.jpg 1024w, https:\/\/fersanmobiliario.com\/wp-content\/uploads\/DOMINUS-ESTIRAT-600x409.jpg 600w, https:\/\/fersanmobiliario.com\/wp-content\/uploads\/DOMINUS-ESTIRAT-524x357.jpg 524w, https:\/\/fersanmobiliario.com\/wp-content\/uploads\/DOMINUS-ESTIRAT-740x504.jpg 740w\" alt=\"\" width=\"300\" height=\"204\" \/><\/p>\n<ul>\n<li>CADEIRA DE BARBEIRO ROBUSTA.<\/li>\n<li>FABRICADA EM ESPUMA DE ALTA DENSIDADE.<\/li>\n<li>MECANISMO HIDR\u00c1ULICO DE ELEVA\u00c7\u00c3O COM TRAV\u00c3O E BLOQUEIO DE SEGURAN\u00c7A.<\/li>\n<li>BRA\u00c7OS DE ALUM\u00cdNIO E SUPERF\u00cdCIE ESTOFADA.<\/li>\n<li>ACABAMENTOS EM A\u00c7O INOXID\u00c1VEL.<\/li>\n<li>APOIO DE CABE\u00c7A REMOV\u00cdVEL.<\/li>\n<\/ul>\n<\/div>\n<\/div>\n","protected":false},"excerpt":{"rendered":"<p>PORTES INCLU\u00cdDOS. PRAZO DE ENTREGA ENTRE 4 E 8 DIAS \u00daTEIS<\/p>\n","protected":false},"featured_media":73156,"template":"","meta":{"_acf_changed":false,"_jet_sm_ready_style":"","_jet_sm_style":"","_jet_sm_controls_values":"","_jet_sm_fonts_collection":"","_jet_sm_fonts_links":""},"product_brand":[],"product_cat":[955],"product_tag":[],"class_list":{"0":"post-80524","1":"product","2":"type-product","3":"status-publish","4":"has-post-thumbnail","6":"product_cat-cadeiras-de-barbeiro","7":"product_shipping_class-envio-para-mobiliario","8":"sales-flash-overlay","9":"woocommerce-text-align-center","10":"woocommerce-image-align-center","11":"do-quantity-buttons","13":"first","14":"outofstock","15":"taxable","16":"shipping-taxable","17":"purchasable","18":"product-type-simple"},"bundled_by":[],"bundle_stock_status":"outofstock","bundle_stock_quantity":null,"bundle_virtual":false,"bundle_layout":"","bundle_add_to_cart_form_location":"","bundle_editable_in_cart":false,"bundle_sold_individually_context":"","bundle_item_grouping":"","bundle_min_size":"","bundle_max_size":"","bundle_price":[],"bundled_items":[],"bundle_sell_ids":[],"acf":[],"yoast_head":"<!-- This site is optimized with the Yoast SEO Premium plugin v25.9 (Yoast SEO v27.4) - https:\/\/yoast.com\/product\/yoast-seo-premium-wordpress\/ -->\n<title>Cadeira de barbeiro DOMINUS - F - KZ Profesional<\/title>\n<meta name=\"robots\" content=\"index, follow, max-snippet:-1, max-image-preview:large, max-video-preview:-1\" \/>\n<link rel=\"canonical\" href=\"https:\/\/kzprofesional.com\/pt-pt\/produto\/cadeira-de-barbeiro-dominus-f\/\" \/>\n<meta property=\"og:locale\" content=\"pt_PT\" \/>\n<meta property=\"og:type\" content=\"article\" \/>\n<meta property=\"og:title\" content=\"Cadeira de barbeiro DOMINUS - F\" \/>\n<meta property=\"og:description\" content=\"PORTES INCLU\u00cdDOS. PRAZO DE ENTREGA ENTRE 4 E 8 DIAS \u00daTEIS\" \/>\n<meta property=\"og:url\" content=\"https:\/\/kzprofesional.com\/pt-pt\/produto\/cadeira-de-barbeiro-dominus-f\/\" \/>\n<meta property=\"og:site_name\" content=\"KZ Profesional\" \/>\n<meta property=\"article:modified_time\" content=\"2026-04-27T06:36:47+00:00\" \/>\n<meta property=\"og:image\" content=\"https:\/\/kzprofesional.com\/wp-content\/uploads\/49-DOMINUS20NEGRO.jpg\" \/>\n\t<meta property=\"og:image:width\" content=\"1180\" \/>\n\t<meta property=\"og:image:height\" content=\"787\" \/>\n\t<meta property=\"og:image:type\" content=\"image\/jpeg\" \/>\n<meta name=\"twitter:card\" content=\"summary_large_image\" \/>\n<script type=\"application\/ld+json\" class=\"yoast-schema-graph\">{\"@context\":\"https:\\\/\\\/schema.org\",\"@graph\":[{\"@type\":\"WebPage\",\"@id\":\"https:\\\/\\\/kzprofesional.com\\\/pt-pt\\\/produto\\\/cadeira-de-barbeiro-dominus-f\\\/\",\"url\":\"https:\\\/\\\/kzprofesional.com\\\/pt-pt\\\/produto\\\/cadeira-de-barbeiro-dominus-f\\\/\",\"name\":\"Cadeira de barbeiro DOMINUS - F - KZ Profesional\",\"isPartOf\":{\"@id\":\"https:\\\/\\\/kzprofesional.com\\\/#website\"},\"primaryImageOfPage\":{\"@id\":\"https:\\\/\\\/kzprofesional.com\\\/pt-pt\\\/produto\\\/cadeira-de-barbeiro-dominus-f\\\/#primaryimage\"},\"image\":{\"@id\":\"https:\\\/\\\/kzprofesional.com\\\/pt-pt\\\/produto\\\/cadeira-de-barbeiro-dominus-f\\\/#primaryimage\"},\"thumbnailUrl\":\"https:\\\/\\\/kzprofesional.com\\\/wp-content\\\/uploads\\\/49-DOMINUS20NEGRO.jpg\",\"datePublished\":\"1969-12-31T23:00:00+00:00\",\"dateModified\":\"2026-04-27T06:36:47+00:00\",\"breadcrumb\":{\"@id\":\"https:\\\/\\\/kzprofesional.com\\\/pt-pt\\\/produto\\\/cadeira-de-barbeiro-dominus-f\\\/#breadcrumb\"},\"inLanguage\":\"pt-PT\",\"potentialAction\":[{\"@type\":\"ReadAction\",\"target\":[\"https:\\\/\\\/kzprofesional.com\\\/pt-pt\\\/produto\\\/cadeira-de-barbeiro-dominus-f\\\/\"]}]},{\"@type\":\"ImageObject\",\"inLanguage\":\"pt-PT\",\"@id\":\"https:\\\/\\\/kzprofesional.com\\\/pt-pt\\\/produto\\\/cadeira-de-barbeiro-dominus-f\\\/#primaryimage\",\"url\":\"https:\\\/\\\/kzprofesional.com\\\/wp-content\\\/uploads\\\/49-DOMINUS20NEGRO.jpg\",\"contentUrl\":\"https:\\\/\\\/kzprofesional.com\\\/wp-content\\\/uploads\\\/49-DOMINUS20NEGRO.jpg\",\"width\":1180,\"height\":787},{\"@type\":\"BreadcrumbList\",\"@id\":\"https:\\\/\\\/kzprofesional.com\\\/pt-pt\\\/produto\\\/cadeira-de-barbeiro-dominus-f\\\/#breadcrumb\",\"itemListElement\":[{\"@type\":\"ListItem\",\"position\":1,\"name\":\"Portada\",\"item\":\"https:\\\/\\\/kzprofesional.com\\\/\"},{\"@type\":\"ListItem\",\"position\":2,\"name\":\"Loja\",\"item\":\"https:\\\/\\\/kzprofesional.com\\\/pt-pt\\\/loja\\\/\"},{\"@type\":\"ListItem\",\"position\":3,\"name\":\"Cadeira de barbeiro DOMINUS &#8211; F\"}]},{\"@type\":\"WebSite\",\"@id\":\"https:\\\/\\\/kzprofesional.com\\\/#website\",\"url\":\"https:\\\/\\\/kzprofesional.com\\\/\",\"name\":\"KZ Profesional\",\"description\":\"\",\"publisher\":{\"@id\":\"https:\\\/\\\/kzprofesional.com\\\/#organization\"},\"potentialAction\":[{\"@type\":\"SearchAction\",\"target\":{\"@type\":\"EntryPoint\",\"urlTemplate\":\"https:\\\/\\\/kzprofesional.com\\\/?s={search_term_string}\"},\"query-input\":{\"@type\":\"PropertyValueSpecification\",\"valueRequired\":true,\"valueName\":\"search_term_string\"}}],\"inLanguage\":\"pt-PT\"},{\"@type\":\"Organization\",\"@id\":\"https:\\\/\\\/kzprofesional.com\\\/#organization\",\"name\":\"Imperio Barber Shop\",\"url\":\"https:\\\/\\\/kzprofesional.com\\\/\",\"logo\":{\"@type\":\"ImageObject\",\"inLanguage\":\"pt-PT\",\"@id\":\"https:\\\/\\\/kzprofesional.com\\\/#\\\/schema\\\/logo\\\/image\\\/\",\"url\":\"https:\\\/\\\/kzprofesional.com\\\/wp-content\\\/uploads\\\/2021\\\/09\\\/Logo-Imperio-Barber-Shop.png\",\"contentUrl\":\"https:\\\/\\\/kzprofesional.com\\\/wp-content\\\/uploads\\\/2021\\\/09\\\/Logo-Imperio-Barber-Shop.png\",\"width\":128,\"height\":128,\"caption\":\"Imperio Barber Shop\"},\"image\":{\"@id\":\"https:\\\/\\\/kzprofesional.com\\\/#\\\/schema\\\/logo\\\/image\\\/\"}}]}<\/script>\n<!-- \/ Yoast SEO Premium plugin. -->","yoast_head_json":{"title":"Cadeira de barbeiro DOMINUS - F - KZ Profesional","robots":{"index":"index","follow":"follow","max-snippet":"max-snippet:-1","max-image-preview":"max-image-preview:large","max-video-preview":"max-video-preview:-1"},"canonical":"https:\/\/kzprofesional.com\/pt-pt\/produto\/cadeira-de-barbeiro-dominus-f\/","og_locale":"pt_PT","og_type":"article","og_title":"Cadeira de barbeiro DOMINUS - F","og_description":"PORTES INCLU\u00cdDOS. PRAZO DE ENTREGA ENTRE 4 E 8 DIAS \u00daTEIS","og_url":"https:\/\/kzprofesional.com\/pt-pt\/produto\/cadeira-de-barbeiro-dominus-f\/","og_site_name":"KZ Profesional","article_modified_time":"2026-04-27T06:36:47+00:00","og_image":[{"width":1180,"height":787,"url":"https:\/\/kzprofesional.com\/wp-content\/uploads\/49-DOMINUS20NEGRO.jpg","type":"image\/jpeg"}],"twitter_card":"summary_large_image","schema":{"@context":"https:\/\/schema.org","@graph":[{"@type":"WebPage","@id":"https:\/\/kzprofesional.com\/pt-pt\/produto\/cadeira-de-barbeiro-dominus-f\/","url":"https:\/\/kzprofesional.com\/pt-pt\/produto\/cadeira-de-barbeiro-dominus-f\/","name":"Cadeira de barbeiro DOMINUS - F - KZ Profesional","isPartOf":{"@id":"https:\/\/kzprofesional.com\/#website"},"primaryImageOfPage":{"@id":"https:\/\/kzprofesional.com\/pt-pt\/produto\/cadeira-de-barbeiro-dominus-f\/#primaryimage"},"image":{"@id":"https:\/\/kzprofesional.com\/pt-pt\/produto\/cadeira-de-barbeiro-dominus-f\/#primaryimage"},"thumbnailUrl":"https:\/\/kzprofesional.com\/wp-content\/uploads\/49-DOMINUS20NEGRO.jpg","datePublished":"1969-12-31T23:00:00+00:00","dateModified":"2026-04-27T06:36:47+00:00","breadcrumb":{"@id":"https:\/\/kzprofesional.com\/pt-pt\/produto\/cadeira-de-barbeiro-dominus-f\/#breadcrumb"},"inLanguage":"pt-PT","potentialAction":[{"@type":"ReadAction","target":["https:\/\/kzprofesional.com\/pt-pt\/produto\/cadeira-de-barbeiro-dominus-f\/"]}]},{"@type":"ImageObject","inLanguage":"pt-PT","@id":"https:\/\/kzprofesional.com\/pt-pt\/produto\/cadeira-de-barbeiro-dominus-f\/#primaryimage","url":"https:\/\/kzprofesional.com\/wp-content\/uploads\/49-DOMINUS20NEGRO.jpg","contentUrl":"https:\/\/kzprofesional.com\/wp-content\/uploads\/49-DOMINUS20NEGRO.jpg","width":1180,"height":787},{"@type":"BreadcrumbList","@id":"https:\/\/kzprofesional.com\/pt-pt\/produto\/cadeira-de-barbeiro-dominus-f\/#breadcrumb","itemListElement":[{"@type":"ListItem","position":1,"name":"Portada","item":"https:\/\/kzprofesional.com\/"},{"@type":"ListItem","position":2,"name":"Loja","item":"https:\/\/kzprofesional.com\/pt-pt\/loja\/"},{"@type":"ListItem","position":3,"name":"Cadeira de barbeiro DOMINUS &#8211; F"}]},{"@type":"WebSite","@id":"https:\/\/kzprofesional.com\/#website","url":"https:\/\/kzprofesional.com\/","name":"KZ Profesional","description":"","publisher":{"@id":"https:\/\/kzprofesional.com\/#organization"},"potentialAction":[{"@type":"SearchAction","target":{"@type":"EntryPoint","urlTemplate":"https:\/\/kzprofesional.com\/?s={search_term_string}"},"query-input":{"@type":"PropertyValueSpecification","valueRequired":true,"valueName":"search_term_string"}}],"inLanguage":"pt-PT"},{"@type":"Organization","@id":"https:\/\/kzprofesional.com\/#organization","name":"Imperio Barber Shop","url":"https:\/\/kzprofesional.com\/","logo":{"@type":"ImageObject","inLanguage":"pt-PT","@id":"https:\/\/kzprofesional.com\/#\/schema\/logo\/image\/","url":"https:\/\/kzprofesional.com\/wp-content\/uploads\/2021\/09\/Logo-Imperio-Barber-Shop.png","contentUrl":"https:\/\/kzprofesional.com\/wp-content\/uploads\/2021\/09\/Logo-Imperio-Barber-Shop.png","width":128,"height":128,"caption":"Imperio Barber Shop"},"image":{"@id":"https:\/\/kzprofesional.com\/#\/schema\/logo\/image\/"}}]}},"_links":{"self":[{"href":"https:\/\/kzprofesional.com\/pt-pt\/wp-json\/wp\/v2\/product\/80524","targetHints":{"allow":["GET"]}}],"collection":[{"href":"https:\/\/kzprofesional.com\/pt-pt\/wp-json\/wp\/v2\/product"}],"about":[{"href":"https:\/\/kzprofesional.com\/pt-pt\/wp-json\/wp\/v2\/types\/product"}],"wp:featuredmedia":[{"embeddable":true,"href":"https:\/\/kzprofesional.com\/pt-pt\/wp-json\/wp\/v2\/media\/73156"}],"wp:attachment":[{"href":"https:\/\/kzprofesional.com\/pt-pt\/wp-json\/wp\/v2\/media?parent=80524"}],"wp:term":[{"taxonomy":"product_brand","embeddable":true,"href":"https:\/\/kzprofesional.com\/pt-pt\/wp-json\/wp\/v2\/product_brand?post=80524"},{"taxonomy":"product_cat","embeddable":true,"href":"https:\/\/kzprofesional.com\/pt-pt\/wp-json\/wp\/v2\/product_cat?post=80524"},{"taxonomy":"product_tag","embeddable":true,"href":"https:\/\/kzprofesional.com\/pt-pt\/wp-json\/wp\/v2\/product_tag?post=80524"}],"curies":[{"name":"wp","href":"https:\/\/api.w.org\/{rel}","templated":true}]}}